{"id":455,"date":"2026-01-15T15:30:32","date_gmt":"2026-01-15T18:30:32","guid":{"rendered":"https:\/\/exposicoes.abc.org.br\/100anos\/?post_type=academico&#038;p=455"},"modified":"2026-01-15T15:30:32","modified_gmt":"2026-01-15T18:30:32","slug":"mario-paulo-de-brito","status":"publish","type":"academico","link":"https:\/\/exposicoes.abc.org.br\/100anos\/academico\/mario-paulo-de-brito\/","title":{"rendered":"Mario Paulo de Brito"},"content":{"rendered":"\n<div class=\"wp-block-columns is-layout-flex wp-container-core-columns-is-layout-9d6595d7 wp-block-columns-is-layout-flex\">\n<div class=\"wp-block-column is-layout-flow wp-block-column-is-layout-flow\">\n<h2 class=\"wp-block-heading\">Sobre o Presidente<\/h2>\n\n\n\n<p>Nasceu em 1894, no Rio de Janeiro. Formou-se engenheiro ge\u00f3grafo em 1913 e, dois anos depois, engenheiro civil, na Escola Polit\u00e9cnica do Rio de Janeiro. Em 1919, obteve t\u00edtulo de doutor em ci\u00eancias f\u00edsicas e naturais na mesma institui\u00e7\u00e3o, da qual se tornou, posteriormente, professor. Lecionou tamb\u00e9m no Instituto de Educa\u00e7\u00e3o do Distrito Federal, ocupando o cargo de diretor durante dois mandatos, e na Universidade do Brasil. Integrou o grupo de fundadores da Associa\u00e7\u00e3o Brasileira de Educa\u00e7\u00e3o, criada em 1924, e foi secret\u00e1rio-geral de Educa\u00e7\u00e3o e Cultura do Distrito Federal entre 1951 e 1952 e de 1955 a 1956. Ingressou na ABC em 1927. Na entidade, foi 1\u00ba secret\u00e1rio de 1931 a 1933, vice-presidente entre 1949 e 1951 e presidente no bi\u00eanio 1945-1947. Faleceu em 1974. Em sua homenagem, a Escola Municipal Mario Paulo de Brito, localizada no bairro carioca de Iraj\u00e1, leva seu nome.<\/p>\n<\/div>\n\n\n\n<div class=\"wp-block-column is-layout-flow wp-block-column-is-layout-flow\">\n<figure class=\"wp-block-image size-full\"><img loading=\"lazy\" decoding=\"async\" width=\"546\" height=\"580\" src=\"https:\/\/exposicoes.abc.org.br\/100anos\/wp-content\/uploads\/2026\/01\/mario-01.png\" alt=\"\" class=\"wp-image-457\" srcset=\"https:\/\/exposicoes.abc.org.br\/100anos\/wp-content\/uploads\/2026\/01\/mario-01.png 546w, https:\/\/exposicoes.abc.org.br\/100anos\/wp-content\/uploads\/2026\/01\/mario-01-282x300.png 282w\" sizes=\"auto, (max-width: 546px) 100vw, 546px\" \/><figcaption class=\"wp-element-caption\">confer\u00eancia do psic\u00f3logo e psiquiatrafranc\u00eas pierre janet na abe em 1933. &#8211; acervo abc<\/figcaption><\/figure>\n<\/div>\n<\/div>\n\n\n\n<div style=\"height:100px\" aria-hidden=\"true\" class=\"wp-block-spacer\"><\/div>\n\n\n\n<hr class=\"wp-block-separator has-alpha-channel-opacity\"\/>\n\n\n\n<div style=\"height:100px\" aria-hidden=\"true\" class=\"wp-block-spacer\"><\/div>\n\n\n\n<h2 class=\"wp-block-heading\">A educa\u00e7\u00e3o como prioridade nacional<\/h2>\n\n\n\n<p>O engenheiro Mario Paulo de Brito foi um grande defensor das quest\u00f5es educacionais no pa\u00eds. N\u00e3o \u00e0 toa, participou do movimento que levou \u00e0 cria\u00e7\u00e3o da Associa\u00e7\u00e3o Brasileira de Educa\u00e7\u00e3o, que tinha como objetivo sanar os problemas do setor.<br><br>Na ABC, procurou refor\u00e7ar a ideia de que a ci\u00eancia tem papel fundamental na melhoria da educa\u00e7\u00e3o. Em seu discurso de posse como presidente da Academia, destacou a falta de continuidade das pol\u00edticas p\u00fablicas na \u00e1rea, a necessidade de moderniza\u00e7\u00e3o da infraestrutura escolar e o pequeno n\u00famero de estudantes que frequentavam as escolas em todo o pa\u00eds. Criticou a falta de compromisso das autoridades com a educa\u00e7\u00e3o, uma \u00e1rea essencial a ser priorizada pelo governo. Nesse sentido, cobrou dos Acad\u00eamicos empenho em combater os problemas educacionais brasileiros como forma de melhorar a forma\u00e7\u00e3o cient\u00edfica no pa\u00eds.\u00a0<br><br>Durante a Era Vargas (1930-1945), participou da discuss\u00e3o que resultou no projeto de lei de cria\u00e7\u00e3o do Conselho Nacional de Educa\u00e7\u00e3o. No governo do general Eurico Gaspar Dutra (1946-1950), foi indicado pelo Minist\u00e9rio da Educa\u00e7\u00e3o para participar da comiss\u00e3o encarregada de elaborar o anteprojeto de lei de Diretrizes e Bases da Educa\u00e7\u00e3o Nacional, apresentado ao Congresso Nacional em 1948.\u00a0<br><br>O engenheiro tamb\u00e9m foi um entusiasta da divulga\u00e7\u00e3o cient\u00edfica. Nesse \u00e2mbito, colaborou com a R\u00e1dio Sociedade, primeira emissora de r\u00e1dio do pa\u00eds, criada na ABC. Tamb\u00e9m fundou, com Matos Pimenta e Pl\u00ednio Cantanhede, o Jornal de Debates, dedicado \u00e0 divulga\u00e7\u00e3o da pesquisa cient\u00edfica no Brasil. Escreveu, ao longo da carreira, v\u00e1rios artigos sobre temas cient\u00edficos e educacionais e tamb\u00e9m sobre administra\u00e7\u00e3o p\u00fablica e quest\u00f5es pol\u00edticas.<\/p>\n\n\n\n<div style=\"height:100px\" aria-hidden=\"true\" class=\"wp-block-spacer\"><\/div>\n","protected":false},"excerpt":{"rendered":"<p>Sobre o Presidente Nasceu em 1894, no Rio de Janeiro. Formou-se engenheiro ge\u00f3grafo em 1913 e, dois anos depois, engenheiro civil, na Escola Polit\u00e9cnica do Rio de Janeiro. Em 1919, obteve t\u00edtulo de doutor em ci\u00eancias f\u00edsicas e naturais na mesma institui\u00e7\u00e3o, da qual se tornou, posteriormente, professor. Lecionou tamb\u00e9m no Instituto de Educa\u00e7\u00e3o do&#8230;<\/p>\n","protected":false},"featured_media":456,"parent":0,"template":"","meta":{"_acf_changed":false,"footnotes":""},"periodo-de-presidencia":[43],"periodo-de-vida":[44],"tipo-de-academico":[3],"class_list":["post-455","academico","type-academico","status-publish","has-post-thumbnail","hentry","periodo-de-presidencia-1945-a-1947","periodo-de-vida-1894-1974","tipo-de-academico-presidentes-da-abc"],"acf":[],"yoast_head":"<!-- This site is optimized with the Yoast SEO plugin v26.8 - https:\/\/yoast.com\/product\/yoast-seo-wordpress\/ -->\n<title>Mario Paulo de Brito | Cem Anos de Ci\u00eancia<\/title>\n<meta name=\"robots\" content=\"index, follow, max-snippet:-1, max-image-preview:large, max-video-preview:-1\" \/>\n<link rel=\"canonical\" href=\"https:\/\/exposicoes.abc.org.br\/100anos\/academico\/mario-paulo-de-brito\/\" \/>\n<meta property=\"og:locale\" content=\"pt_BR\" \/>\n<meta property=\"og:type\" content=\"article\" \/>\n<meta property=\"og:title\" content=\"Mario Paulo de Brito | Cem Anos de Ci\u00eancia\" \/>\n<meta property=\"og:description\" content=\"Sobre o Presidente Nasceu em 1894, no Rio de Janeiro. Formou-se engenheiro ge\u00f3grafo em 1913 e, dois anos depois, engenheiro civil, na Escola Polit\u00e9cnica do Rio de Janeiro. Em 1919, obteve t\u00edtulo de doutor em ci\u00eancias f\u00edsicas e naturais na mesma institui\u00e7\u00e3o, da qual se tornou, posteriormente, professor. Lecionou tamb\u00e9m no Instituto de Educa\u00e7\u00e3o do...\" \/>\n<meta property=\"og:url\" content=\"https:\/\/exposicoes.abc.org.br\/100anos\/academico\/mario-paulo-de-brito\/\" \/>\n<meta property=\"og:site_name\" content=\"Cem Anos de Ci\u00eancia\" \/>\n<meta property=\"og:image\" content=\"https:\/\/exposicoes.abc.org.br\/100anos\/wp-content\/uploads\/2026\/01\/mario-hero.png\" \/>\n\t<meta property=\"og:image:width\" content=\"334\" \/>\n\t<meta property=\"og:image:height\" content=\"552\" \/>\n\t<meta property=\"og:image:type\" content=\"image\/png\" \/>\n<meta name=\"twitter:card\" content=\"summary_large_image\" \/>\n<meta name=\"twitter:label1\" content=\"Est. tempo de leitura\" \/>\n\t<meta name=\"twitter:data1\" content=\"2 minutos\" \/>\n<script type=\"application\/ld+json\" class=\"yoast-schema-graph\">{\"@context\":\"https:\/\/schema.org\",\"@graph\":[{\"@type\":\"WebPage\",\"@id\":\"https:\/\/exposicoes.abc.org.br\/100anos\/academico\/mario-paulo-de-brito\/\",\"url\":\"https:\/\/exposicoes.abc.org.br\/100anos\/academico\/mario-paulo-de-brito\/\",\"name\":\"Mario Paulo de Brito | Cem Anos de Ci\u00eancia\",\"isPartOf\":{\"@id\":\"https:\/\/exposicoes.abc.org.br\/100anos\/#website\"},\"primaryImageOfPage\":{\"@id\":\"https:\/\/exposicoes.abc.org.br\/100anos\/academico\/mario-paulo-de-brito\/#primaryimage\"},\"image\":{\"@id\":\"https:\/\/exposicoes.abc.org.br\/100anos\/academico\/mario-paulo-de-brito\/#primaryimage\"},\"thumbnailUrl\":\"https:\/\/exposicoes.abc.org.br\/100anos\/wp-content\/uploads\/2026\/01\/mario-hero.png\",\"datePublished\":\"2026-01-15T18:30:32+00:00\",\"breadcrumb\":{\"@id\":\"https:\/\/exposicoes.abc.org.br\/100anos\/academico\/mario-paulo-de-brito\/#breadcrumb\"},\"inLanguage\":\"pt-BR\",\"potentialAction\":[{\"@type\":\"ReadAction\",\"target\":[\"https:\/\/exposicoes.abc.org.br\/100anos\/academico\/mario-paulo-de-brito\/\"]}]},{\"@type\":\"ImageObject\",\"inLanguage\":\"pt-BR\",\"@id\":\"https:\/\/exposicoes.abc.org.br\/100anos\/academico\/mario-paulo-de-brito\/#primaryimage\",\"url\":\"https:\/\/exposicoes.abc.org.br\/100anos\/wp-content\/uploads\/2026\/01\/mario-hero.png\",\"contentUrl\":\"https:\/\/exposicoes.abc.org.br\/100anos\/wp-content\/uploads\/2026\/01\/mario-hero.png\",\"width\":334,\"height\":552},{\"@type\":\"BreadcrumbList\",\"@id\":\"https:\/\/exposicoes.abc.org.br\/100anos\/academico\/mario-paulo-de-brito\/#breadcrumb\",\"itemListElement\":[{\"@type\":\"ListItem\",\"position\":1,\"name\":\"In\u00edcio\",\"item\":\"https:\/\/exposicoes.abc.org.br\/100anos\/\"},{\"@type\":\"ListItem\",\"position\":2,\"name\":\"Mario Paulo de Brito\"}]},{\"@type\":\"WebSite\",\"@id\":\"https:\/\/exposicoes.abc.org.br\/100anos\/#website\",\"url\":\"https:\/\/exposicoes.abc.org.br\/100anos\/\",\"name\":\"Cem Anos de Ci\u00eancia\",\"description\":\"\",\"publisher\":{\"@id\":\"https:\/\/exposicoes.abc.org.br\/100anos\/#organization\"},\"potentialAction\":[{\"@type\":\"SearchAction\",\"target\":{\"@type\":\"EntryPoint\",\"urlTemplate\":\"https:\/\/exposicoes.abc.org.br\/100anos\/?s={search_term_string}\"},\"query-input\":{\"@type\":\"PropertyValueSpecification\",\"valueRequired\":true,\"valueName\":\"search_term_string\"}}],\"inLanguage\":\"pt-BR\"},{\"@type\":\"Organization\",\"@id\":\"https:\/\/exposicoes.abc.org.br\/100anos\/#organization\",\"name\":\"Academia Brasileira de Ci\u00eancias\",\"url\":\"https:\/\/exposicoes.abc.org.br\/100anos\/\",\"logo\":{\"@type\":\"ImageObject\",\"inLanguage\":\"pt-BR\",\"@id\":\"https:\/\/exposicoes.abc.org.br\/100anos\/#\/schema\/logo\/image\/\",\"url\":\"https:\/\/exposicoes.abc.org.br\/100anos\/wp-content\/uploads\/2025\/12\/logo-100-abc.png\",\"contentUrl\":\"https:\/\/exposicoes.abc.org.br\/100anos\/wp-content\/uploads\/2025\/12\/logo-100-abc.png\",\"width\":511,\"height\":116,\"caption\":\"Academia Brasileira de Ci\u00eancias\"},\"image\":{\"@id\":\"https:\/\/exposicoes.abc.org.br\/100anos\/#\/schema\/logo\/image\/\"}}]}<\/script>\n<!-- \/ Yoast SEO plugin. -->","yoast_head_json":{"title":"Mario Paulo de Brito | Cem Anos de Ci\u00eancia","robots":{"index":"index","follow":"follow","max-snippet":"max-snippet:-1","max-image-preview":"max-image-preview:large","max-video-preview":"max-video-preview:-1"},"canonical":"https:\/\/exposicoes.abc.org.br\/100anos\/academico\/mario-paulo-de-brito\/","og_locale":"pt_BR","og_type":"article","og_title":"Mario Paulo de Brito | Cem Anos de Ci\u00eancia","og_description":"Sobre o Presidente Nasceu em 1894, no Rio de Janeiro. Formou-se engenheiro ge\u00f3grafo em 1913 e, dois anos depois, engenheiro civil, na Escola Polit\u00e9cnica do Rio de Janeiro. Em 1919, obteve t\u00edtulo de doutor em ci\u00eancias f\u00edsicas e naturais na mesma institui\u00e7\u00e3o, da qual se tornou, posteriormente, professor. Lecionou tamb\u00e9m no Instituto de Educa\u00e7\u00e3o do...","og_url":"https:\/\/exposicoes.abc.org.br\/100anos\/academico\/mario-paulo-de-brito\/","og_site_name":"Cem Anos de Ci\u00eancia","og_image":[{"width":334,"height":552,"url":"https:\/\/exposicoes.abc.org.br\/100anos\/wp-content\/uploads\/2026\/01\/mario-hero.png","type":"image\/png"}],"twitter_card":"summary_large_image","twitter_misc":{"Est. tempo de leitura":"2 minutos"},"schema":{"@context":"https:\/\/schema.org","@graph":[{"@type":"WebPage","@id":"https:\/\/exposicoes.abc.org.br\/100anos\/academico\/mario-paulo-de-brito\/","url":"https:\/\/exposicoes.abc.org.br\/100anos\/academico\/mario-paulo-de-brito\/","name":"Mario Paulo de Brito | Cem Anos de Ci\u00eancia","isPartOf":{"@id":"https:\/\/exposicoes.abc.org.br\/100anos\/#website"},"primaryImageOfPage":{"@id":"https:\/\/exposicoes.abc.org.br\/100anos\/academico\/mario-paulo-de-brito\/#primaryimage"},"image":{"@id":"https:\/\/exposicoes.abc.org.br\/100anos\/academico\/mario-paulo-de-brito\/#primaryimage"},"thumbnailUrl":"https:\/\/exposicoes.abc.org.br\/100anos\/wp-content\/uploads\/2026\/01\/mario-hero.png","datePublished":"2026-01-15T18:30:32+00:00","breadcrumb":{"@id":"https:\/\/exposicoes.abc.org.br\/100anos\/academico\/mario-paulo-de-brito\/#breadcrumb"},"inLanguage":"pt-BR","potentialAction":[{"@type":"ReadAction","target":["https:\/\/exposicoes.abc.org.br\/100anos\/academico\/mario-paulo-de-brito\/"]}]},{"@type":"ImageObject","inLanguage":"pt-BR","@id":"https:\/\/exposicoes.abc.org.br\/100anos\/academico\/mario-paulo-de-brito\/#primaryimage","url":"https:\/\/exposicoes.abc.org.br\/100anos\/wp-content\/uploads\/2026\/01\/mario-hero.png","contentUrl":"https:\/\/exposicoes.abc.org.br\/100anos\/wp-content\/uploads\/2026\/01\/mario-hero.png","width":334,"height":552},{"@type":"BreadcrumbList","@id":"https:\/\/exposicoes.abc.org.br\/100anos\/academico\/mario-paulo-de-brito\/#breadcrumb","itemListElement":[{"@type":"ListItem","position":1,"name":"In\u00edcio","item":"https:\/\/exposicoes.abc.org.br\/100anos\/"},{"@type":"ListItem","position":2,"name":"Mario Paulo de Brito"}]},{"@type":"WebSite","@id":"https:\/\/exposicoes.abc.org.br\/100anos\/#website","url":"https:\/\/exposicoes.abc.org.br\/100anos\/","name":"Cem Anos de Ci\u00eancia","description":"","publisher":{"@id":"https:\/\/exposicoes.abc.org.br\/100anos\/#organization"},"potentialAction":[{"@type":"SearchAction","target":{"@type":"EntryPoint","urlTemplate":"https:\/\/exposicoes.abc.org.br\/100anos\/?s={search_term_string}"},"query-input":{"@type":"PropertyValueSpecification","valueRequired":true,"valueName":"search_term_string"}}],"inLanguage":"pt-BR"},{"@type":"Organization","@id":"https:\/\/exposicoes.abc.org.br\/100anos\/#organization","name":"Academia Brasileira de Ci\u00eancias","url":"https:\/\/exposicoes.abc.org.br\/100anos\/","logo":{"@type":"ImageObject","inLanguage":"pt-BR","@id":"https:\/\/exposicoes.abc.org.br\/100anos\/#\/schema\/logo\/image\/","url":"https:\/\/exposicoes.abc.org.br\/100anos\/wp-content\/uploads\/2025\/12\/logo-100-abc.png","contentUrl":"https:\/\/exposicoes.abc.org.br\/100anos\/wp-content\/uploads\/2025\/12\/logo-100-abc.png","width":511,"height":116,"caption":"Academia Brasileira de Ci\u00eancias"},"image":{"@id":"https:\/\/exposicoes.abc.org.br\/100anos\/#\/schema\/logo\/image\/"}}]}},"_links":{"self":[{"href":"https:\/\/exposicoes.abc.org.br\/100anos\/wp-json\/wp\/v2\/academico\/455","targetHints":{"allow":["GET"]}}],"collection":[{"href":"https:\/\/exposicoes.abc.org.br\/100anos\/wp-json\/wp\/v2\/academico"}],"about":[{"href":"https:\/\/exposicoes.abc.org.br\/100anos\/wp-json\/wp\/v2\/types\/academico"}],"version-history":[{"count":1,"href":"https:\/\/exposicoes.abc.org.br\/100anos\/wp-json\/wp\/v2\/academico\/455\/revisions"}],"predecessor-version":[{"id":458,"href":"https:\/\/exposicoes.abc.org.br\/100anos\/wp-json\/wp\/v2\/academico\/455\/revisions\/458"}],"wp:featuredmedia":[{"embeddable":true,"href":"https:\/\/exposicoes.abc.org.br\/100anos\/wp-json\/wp\/v2\/media\/456"}],"wp:attachment":[{"href":"https:\/\/exposicoes.abc.org.br\/100anos\/wp-json\/wp\/v2\/media?parent=455"}],"wp:term":[{"taxonomy":"periodo-de-presidencia","embeddable":true,"href":"https:\/\/exposicoes.abc.org.br\/100anos\/wp-json\/wp\/v2\/periodo-de-presidencia?post=455"},{"taxonomy":"periodo-de-vida","embeddable":true,"href":"https:\/\/exposicoes.abc.org.br\/100anos\/wp-json\/wp\/v2\/periodo-de-vida?post=455"},{"taxonomy":"tipo-de-academico","embeddable":true,"href":"https:\/\/exposicoes.abc.org.br\/100anos\/wp-json\/wp\/v2\/tipo-de-academico?post=455"}],"curies":[{"name":"wp","href":"https:\/\/api.w.org\/{rel}","templated":true}]}}