{"id":449,"date":"2026-01-15T15:25:54","date_gmt":"2026-01-15T18:25:54","guid":{"rendered":"https:\/\/exposicoes.abc.org.br\/100anos\/?post_type=academico&#038;p=449"},"modified":"2026-01-15T15:26:36","modified_gmt":"2026-01-15T18:26:36","slug":"candido-firmino-de-mello-leitao-junior","status":"publish","type":"academico","link":"https:\/\/exposicoes.abc.org.br\/100anos\/academico\/candido-firmino-de-mello-leitao-junior\/","title":{"rendered":"C\u00e2ndido Firmino de Mello Leit\u00e3o Junior\u00a0"},"content":{"rendered":"\n<div class=\"wp-block-columns is-layout-flex wp-container-core-columns-is-layout-9d6595d7 wp-block-columns-is-layout-flex\">\n<div class=\"wp-block-column is-layout-flow wp-block-column-is-layout-flow\">\n<h2 class=\"wp-block-heading\">Sobre o Presidente<\/h2>\n\n\n\n<p>Paraibano de Campina Grande, iniciou a carreira como m\u00e9dico, formando-se na Faculdade de Medicina do Rio de Janeiro e trabalhando em diversos hospitais. No entanto, sua paix\u00e3o por aracn\u00eddeos levou-o a migrar para o campo da zoologia, no qual se tornou reconhecido especialista. Ao longo de sua trajet\u00f3ria acad\u00eamica, descobriu uma grande variedade de esp\u00e9cies de aranhas brasileiras e estudou a distribui\u00e7\u00e3o de aracn\u00eddeos pelo continente sul-americano. Lecionou em v\u00e1rias institui\u00e7\u00f5es, destacando-se entre elas a Escola Superior de Agricultura e Medicina Veterin\u00e1ria e o Museu Nacional. Ainda no campo da educa\u00e7\u00e3o, dedicou-se \u00e0 elabora\u00e7\u00e3o de livros did\u00e1ticos. Tornou-se membro da ABC em 1917, ocupando a vice-presid\u00eancia da entidade nos bi\u00eanios 1916-1923 e 1937-1939 e a presid\u00eancia entre 1943 e 1945. Um ano ap\u00f3s seu falecimento, em 1948, sua vi\u00fava doou ap\u00f3lices da d\u00edvida p\u00fablica federal \u00e0 ABC, que, com os juros, instituiu o Pr\u00eamio Mello Leit\u00e3o. Em 1949, foi homenageado com a inaugura\u00e7\u00e3o do Museu de Biologia Professor Mello Leit\u00e3o, no Esp\u00edrito Santo.<\/p>\n<\/div>\n\n\n\n<div class=\"wp-block-column is-layout-flow wp-block-column-is-layout-flow\">\n<figure class=\"wp-block-image size-full\"><img loading=\"lazy\" decoding=\"async\" width=\"546\" height=\"580\" src=\"https:\/\/exposicoes.abc.org.br\/100anos\/wp-content\/uploads\/2026\/01\/candido-01.png\" alt=\"\" class=\"wp-image-451\" srcset=\"https:\/\/exposicoes.abc.org.br\/100anos\/wp-content\/uploads\/2026\/01\/candido-01.png 546w, https:\/\/exposicoes.abc.org.br\/100anos\/wp-content\/uploads\/2026\/01\/candido-01-282x300.png 282w\" sizes=\"auto, (max-width: 546px) 100vw, 546px\" \/><figcaption class=\"wp-element-caption\">confer\u00eancia do psic\u00f3logo e psiquiatrafranc\u00eas pierre janet na abe em 1933. &#8211; acervo abc<\/figcaption><\/figure>\n<\/div>\n<\/div>\n\n\n\n<div style=\"height:100px\" aria-hidden=\"true\" class=\"wp-block-spacer\"><\/div>\n\n\n\n<hr class=\"wp-block-separator has-alpha-channel-opacity\"\/>\n\n\n\n<div style=\"height:100px\" aria-hidden=\"true\" class=\"wp-block-spacer\"><\/div>\n\n\n\n<h2 class=\"wp-block-heading\">Aranhas, redes e educa\u00e7\u00e3o<\/h2>\n\n\n\n<p>Graduado em medicina, Mello Leit\u00e3o formou-se quase como um autodidata no campo da zoologia, transformando-se, de um colecionador de aranhas apaixonado, em uma refer\u00eancia nos estudos dos aracn\u00eddeos.\u00a0<br><br>Ao longo da carreira, identificou, catalogou e nomeou diversos g\u00eaneros e esp\u00e9cies de aranhas, registradas em uma extensa produ\u00e7\u00e3o cient\u00edfica. Mas sua contribui\u00e7\u00e3o para a \u00e1rea vai muito al\u00e9m da classifica\u00e7\u00e3o desses artr\u00f3podes. O zo\u00f3logo foi pioneiro ao pesquisar a distribui\u00e7\u00e3o espacial hist\u00f3rica dos aracn\u00eddeos e ajudou a construir uma perspectiva de pesquisa mais ampla das aranhas como seres vivos.\u00a0<br><br>A robusta e din\u00e2mica rede de contatos que estabeleceu com naturalistas e entom\u00f3logos de diversos pa\u00edses foi fundamental para a coroa\u00e7\u00e3o de sua trajet\u00f3ria acad\u00eamica, bem como seus v\u00ednculos institucionais e suas atividades did\u00e1ticas.\u00a0<br><br>Como presidente da ABC, que desde o in\u00edcio apoiou o fortalecimento e a consolida\u00e7\u00e3o de diferentes \u00e1reas da ci\u00eancia, desempenhou papel importante na afirma\u00e7\u00e3o da zoologia como \u00e1rea espec\u00edfica do conhecimento no Brasil, defendendo seu papel estrat\u00e9gico para o pa\u00eds.<br>Al\u00e9m da extensa produ\u00e7\u00e3o especializada, Mello Leit\u00e3o dedicou-se \u00e0 elabora\u00e7\u00e3o de livros did\u00e1ticos destinados a alunos do Ensino M\u00e9dio e Superior, que se destacavam pela atualiza\u00e7\u00e3o cient\u00edfica, pelo espa\u00e7o dedicado \u00e0s imagens e pela utiliza\u00e7\u00e3o majorit\u00e1ria de exemplos da fauna e da flora do Brasil.\u00a0<br><br>Escreveu tamb\u00e9m uma s\u00e9rie de textos sobre ci\u00eancia para o p\u00fablico geral, n\u00e3o especializado, tendo mantido uma coluna de divulga\u00e7\u00e3o cient\u00edfica no jornal O Imparcial, do Rio de Janeiro, nos anos 1922-1923.\u00a0<\/p>\n\n\n\n<div style=\"height:100px\" aria-hidden=\"true\" class=\"wp-block-spacer\"><\/div>\n","protected":false},"excerpt":{"rendered":"<p>Sobre o Presidente Paraibano de Campina Grande, iniciou a carreira como m\u00e9dico, formando-se na Faculdade de Medicina do Rio de Janeiro e trabalhando em diversos hospitais. No entanto, sua paix\u00e3o por aracn\u00eddeos levou-o a migrar para o campo da zoologia, no qual se tornou reconhecido especialista. Ao longo de sua trajet\u00f3ria acad\u00eamica, descobriu uma grande&#8230;<\/p>\n","protected":false},"featured_media":450,"parent":0,"template":"","meta":{"_acf_changed":false,"footnotes":""},"periodo-de-presidencia":[41],"periodo-de-vida":[42],"tipo-de-academico":[3],"class_list":["post-449","academico","type-academico","status-publish","has-post-thumbnail","hentry","periodo-de-presidencia-1943-a-1945","periodo-de-vida-1886-1948","tipo-de-academico-presidentes-da-abc"],"acf":[],"yoast_head":"<!-- This site is optimized with the Yoast SEO plugin v26.8 - https:\/\/yoast.com\/product\/yoast-seo-wordpress\/ -->\n<title>C\u00e2ndido Firmino de Mello Leit\u00e3o Junior\u00a0 | Cem Anos de Ci\u00eancia<\/title>\n<meta name=\"robots\" content=\"index, follow, max-snippet:-1, max-image-preview:large, max-video-preview:-1\" \/>\n<link rel=\"canonical\" href=\"https:\/\/exposicoes.abc.org.br\/100anos\/academico\/candido-firmino-de-mello-leitao-junior\/\" \/>\n<meta property=\"og:locale\" content=\"pt_BR\" \/>\n<meta property=\"og:type\" content=\"article\" \/>\n<meta property=\"og:title\" content=\"C\u00e2ndido Firmino de Mello Leit\u00e3o Junior\u00a0 | Cem Anos de Ci\u00eancia\" \/>\n<meta property=\"og:description\" content=\"Sobre o Presidente Paraibano de Campina Grande, iniciou a carreira como m\u00e9dico, formando-se na Faculdade de Medicina do Rio de Janeiro e trabalhando em diversos hospitais. No entanto, sua paix\u00e3o por aracn\u00eddeos levou-o a migrar para o campo da zoologia, no qual se tornou reconhecido especialista. Ao longo de sua trajet\u00f3ria acad\u00eamica, descobriu uma grande...\" \/>\n<meta property=\"og:url\" content=\"https:\/\/exposicoes.abc.org.br\/100anos\/academico\/candido-firmino-de-mello-leitao-junior\/\" \/>\n<meta property=\"og:site_name\" content=\"Cem Anos de Ci\u00eancia\" \/>\n<meta property=\"article:modified_time\" content=\"2026-01-15T18:26:36+00:00\" \/>\n<meta property=\"og:image\" content=\"https:\/\/exposicoes.abc.org.br\/100anos\/wp-content\/uploads\/2026\/01\/candido-hero.png\" \/>\n\t<meta property=\"og:image:width\" content=\"334\" \/>\n\t<meta property=\"og:image:height\" content=\"552\" \/>\n\t<meta property=\"og:image:type\" content=\"image\/png\" \/>\n<meta name=\"twitter:card\" content=\"summary_large_image\" \/>\n<meta name=\"twitter:label1\" content=\"Est. tempo de leitura\" \/>\n\t<meta name=\"twitter:data1\" content=\"2 minutos\" \/>\n<script type=\"application\/ld+json\" class=\"yoast-schema-graph\">{\"@context\":\"https:\/\/schema.org\",\"@graph\":[{\"@type\":\"WebPage\",\"@id\":\"https:\/\/exposicoes.abc.org.br\/100anos\/academico\/candido-firmino-de-mello-leitao-junior\/\",\"url\":\"https:\/\/exposicoes.abc.org.br\/100anos\/academico\/candido-firmino-de-mello-leitao-junior\/\",\"name\":\"C\u00e2ndido Firmino de Mello Leit\u00e3o Junior\u00a0 | Cem Anos de Ci\u00eancia\",\"isPartOf\":{\"@id\":\"https:\/\/exposicoes.abc.org.br\/100anos\/#website\"},\"primaryImageOfPage\":{\"@id\":\"https:\/\/exposicoes.abc.org.br\/100anos\/academico\/candido-firmino-de-mello-leitao-junior\/#primaryimage\"},\"image\":{\"@id\":\"https:\/\/exposicoes.abc.org.br\/100anos\/academico\/candido-firmino-de-mello-leitao-junior\/#primaryimage\"},\"thumbnailUrl\":\"https:\/\/exposicoes.abc.org.br\/100anos\/wp-content\/uploads\/2026\/01\/candido-hero.png\",\"datePublished\":\"2026-01-15T18:25:54+00:00\",\"dateModified\":\"2026-01-15T18:26:36+00:00\",\"breadcrumb\":{\"@id\":\"https:\/\/exposicoes.abc.org.br\/100anos\/academico\/candido-firmino-de-mello-leitao-junior\/#breadcrumb\"},\"inLanguage\":\"pt-BR\",\"potentialAction\":[{\"@type\":\"ReadAction\",\"target\":[\"https:\/\/exposicoes.abc.org.br\/100anos\/academico\/candido-firmino-de-mello-leitao-junior\/\"]}]},{\"@type\":\"ImageObject\",\"inLanguage\":\"pt-BR\",\"@id\":\"https:\/\/exposicoes.abc.org.br\/100anos\/academico\/candido-firmino-de-mello-leitao-junior\/#primaryimage\",\"url\":\"https:\/\/exposicoes.abc.org.br\/100anos\/wp-content\/uploads\/2026\/01\/candido-hero.png\",\"contentUrl\":\"https:\/\/exposicoes.abc.org.br\/100anos\/wp-content\/uploads\/2026\/01\/candido-hero.png\",\"width\":334,\"height\":552},{\"@type\":\"BreadcrumbList\",\"@id\":\"https:\/\/exposicoes.abc.org.br\/100anos\/academico\/candido-firmino-de-mello-leitao-junior\/#breadcrumb\",\"itemListElement\":[{\"@type\":\"ListItem\",\"position\":1,\"name\":\"In\u00edcio\",\"item\":\"https:\/\/exposicoes.abc.org.br\/100anos\/\"},{\"@type\":\"ListItem\",\"position\":2,\"name\":\"C\u00e2ndido Firmino de Mello Leit\u00e3o Junior\u00a0\"}]},{\"@type\":\"WebSite\",\"@id\":\"https:\/\/exposicoes.abc.org.br\/100anos\/#website\",\"url\":\"https:\/\/exposicoes.abc.org.br\/100anos\/\",\"name\":\"Cem Anos de Ci\u00eancia\",\"description\":\"\",\"publisher\":{\"@id\":\"https:\/\/exposicoes.abc.org.br\/100anos\/#organization\"},\"potentialAction\":[{\"@type\":\"SearchAction\",\"target\":{\"@type\":\"EntryPoint\",\"urlTemplate\":\"https:\/\/exposicoes.abc.org.br\/100anos\/?s={search_term_string}\"},\"query-input\":{\"@type\":\"PropertyValueSpecification\",\"valueRequired\":true,\"valueName\":\"search_term_string\"}}],\"inLanguage\":\"pt-BR\"},{\"@type\":\"Organization\",\"@id\":\"https:\/\/exposicoes.abc.org.br\/100anos\/#organization\",\"name\":\"Academia Brasileira de Ci\u00eancias\",\"url\":\"https:\/\/exposicoes.abc.org.br\/100anos\/\",\"logo\":{\"@type\":\"ImageObject\",\"inLanguage\":\"pt-BR\",\"@id\":\"https:\/\/exposicoes.abc.org.br\/100anos\/#\/schema\/logo\/image\/\",\"url\":\"https:\/\/exposicoes.abc.org.br\/100anos\/wp-content\/uploads\/2025\/12\/logo-100-abc.png\",\"contentUrl\":\"https:\/\/exposicoes.abc.org.br\/100anos\/wp-content\/uploads\/2025\/12\/logo-100-abc.png\",\"width\":511,\"height\":116,\"caption\":\"Academia Brasileira de Ci\u00eancias\"},\"image\":{\"@id\":\"https:\/\/exposicoes.abc.org.br\/100anos\/#\/schema\/logo\/image\/\"}}]}<\/script>\n<!-- \/ Yoast SEO plugin. -->","yoast_head_json":{"title":"C\u00e2ndido Firmino de Mello Leit\u00e3o Junior\u00a0 | Cem Anos de Ci\u00eancia","robots":{"index":"index","follow":"follow","max-snippet":"max-snippet:-1","max-image-preview":"max-image-preview:large","max-video-preview":"max-video-preview:-1"},"canonical":"https:\/\/exposicoes.abc.org.br\/100anos\/academico\/candido-firmino-de-mello-leitao-junior\/","og_locale":"pt_BR","og_type":"article","og_title":"C\u00e2ndido Firmino de Mello Leit\u00e3o Junior\u00a0 | Cem Anos de Ci\u00eancia","og_description":"Sobre o Presidente Paraibano de Campina Grande, iniciou a carreira como m\u00e9dico, formando-se na Faculdade de Medicina do Rio de Janeiro e trabalhando em diversos hospitais. No entanto, sua paix\u00e3o por aracn\u00eddeos levou-o a migrar para o campo da zoologia, no qual se tornou reconhecido especialista. Ao longo de sua trajet\u00f3ria acad\u00eamica, descobriu uma grande...","og_url":"https:\/\/exposicoes.abc.org.br\/100anos\/academico\/candido-firmino-de-mello-leitao-junior\/","og_site_name":"Cem Anos de Ci\u00eancia","article_modified_time":"2026-01-15T18:26:36+00:00","og_image":[{"width":334,"height":552,"url":"https:\/\/exposicoes.abc.org.br\/100anos\/wp-content\/uploads\/2026\/01\/candido-hero.png","type":"image\/png"}],"twitter_card":"summary_large_image","twitter_misc":{"Est. tempo de leitura":"2 minutos"},"schema":{"@context":"https:\/\/schema.org","@graph":[{"@type":"WebPage","@id":"https:\/\/exposicoes.abc.org.br\/100anos\/academico\/candido-firmino-de-mello-leitao-junior\/","url":"https:\/\/exposicoes.abc.org.br\/100anos\/academico\/candido-firmino-de-mello-leitao-junior\/","name":"C\u00e2ndido Firmino de Mello Leit\u00e3o Junior\u00a0 | Cem Anos de Ci\u00eancia","isPartOf":{"@id":"https:\/\/exposicoes.abc.org.br\/100anos\/#website"},"primaryImageOfPage":{"@id":"https:\/\/exposicoes.abc.org.br\/100anos\/academico\/candido-firmino-de-mello-leitao-junior\/#primaryimage"},"image":{"@id":"https:\/\/exposicoes.abc.org.br\/100anos\/academico\/candido-firmino-de-mello-leitao-junior\/#primaryimage"},"thumbnailUrl":"https:\/\/exposicoes.abc.org.br\/100anos\/wp-content\/uploads\/2026\/01\/candido-hero.png","datePublished":"2026-01-15T18:25:54+00:00","dateModified":"2026-01-15T18:26:36+00:00","breadcrumb":{"@id":"https:\/\/exposicoes.abc.org.br\/100anos\/academico\/candido-firmino-de-mello-leitao-junior\/#breadcrumb"},"inLanguage":"pt-BR","potentialAction":[{"@type":"ReadAction","target":["https:\/\/exposicoes.abc.org.br\/100anos\/academico\/candido-firmino-de-mello-leitao-junior\/"]}]},{"@type":"ImageObject","inLanguage":"pt-BR","@id":"https:\/\/exposicoes.abc.org.br\/100anos\/academico\/candido-firmino-de-mello-leitao-junior\/#primaryimage","url":"https:\/\/exposicoes.abc.org.br\/100anos\/wp-content\/uploads\/2026\/01\/candido-hero.png","contentUrl":"https:\/\/exposicoes.abc.org.br\/100anos\/wp-content\/uploads\/2026\/01\/candido-hero.png","width":334,"height":552},{"@type":"BreadcrumbList","@id":"https:\/\/exposicoes.abc.org.br\/100anos\/academico\/candido-firmino-de-mello-leitao-junior\/#breadcrumb","itemListElement":[{"@type":"ListItem","position":1,"name":"In\u00edcio","item":"https:\/\/exposicoes.abc.org.br\/100anos\/"},{"@type":"ListItem","position":2,"name":"C\u00e2ndido Firmino de Mello Leit\u00e3o Junior\u00a0"}]},{"@type":"WebSite","@id":"https:\/\/exposicoes.abc.org.br\/100anos\/#website","url":"https:\/\/exposicoes.abc.org.br\/100anos\/","name":"Cem Anos de Ci\u00eancia","description":"","publisher":{"@id":"https:\/\/exposicoes.abc.org.br\/100anos\/#organization"},"potentialAction":[{"@type":"SearchAction","target":{"@type":"EntryPoint","urlTemplate":"https:\/\/exposicoes.abc.org.br\/100anos\/?s={search_term_string}"},"query-input":{"@type":"PropertyValueSpecification","valueRequired":true,"valueName":"search_term_string"}}],"inLanguage":"pt-BR"},{"@type":"Organization","@id":"https:\/\/exposicoes.abc.org.br\/100anos\/#organization","name":"Academia Brasileira de Ci\u00eancias","url":"https:\/\/exposicoes.abc.org.br\/100anos\/","logo":{"@type":"ImageObject","inLanguage":"pt-BR","@id":"https:\/\/exposicoes.abc.org.br\/100anos\/#\/schema\/logo\/image\/","url":"https:\/\/exposicoes.abc.org.br\/100anos\/wp-content\/uploads\/2025\/12\/logo-100-abc.png","contentUrl":"https:\/\/exposicoes.abc.org.br\/100anos\/wp-content\/uploads\/2025\/12\/logo-100-abc.png","width":511,"height":116,"caption":"Academia Brasileira de Ci\u00eancias"},"image":{"@id":"https:\/\/exposicoes.abc.org.br\/100anos\/#\/schema\/logo\/image\/"}}]}},"_links":{"self":[{"href":"https:\/\/exposicoes.abc.org.br\/100anos\/wp-json\/wp\/v2\/academico\/449","targetHints":{"allow":["GET"]}}],"collection":[{"href":"https:\/\/exposicoes.abc.org.br\/100anos\/wp-json\/wp\/v2\/academico"}],"about":[{"href":"https:\/\/exposicoes.abc.org.br\/100anos\/wp-json\/wp\/v2\/types\/academico"}],"version-history":[{"count":3,"href":"https:\/\/exposicoes.abc.org.br\/100anos\/wp-json\/wp\/v2\/academico\/449\/revisions"}],"predecessor-version":[{"id":454,"href":"https:\/\/exposicoes.abc.org.br\/100anos\/wp-json\/wp\/v2\/academico\/449\/revisions\/454"}],"wp:featuredmedia":[{"embeddable":true,"href":"https:\/\/exposicoes.abc.org.br\/100anos\/wp-json\/wp\/v2\/media\/450"}],"wp:attachment":[{"href":"https:\/\/exposicoes.abc.org.br\/100anos\/wp-json\/wp\/v2\/media?parent=449"}],"wp:term":[{"taxonomy":"periodo-de-presidencia","embeddable":true,"href":"https:\/\/exposicoes.abc.org.br\/100anos\/wp-json\/wp\/v2\/periodo-de-presidencia?post=449"},{"taxonomy":"periodo-de-vida","embeddable":true,"href":"https:\/\/exposicoes.abc.org.br\/100anos\/wp-json\/wp\/v2\/periodo-de-vida?post=449"},{"taxonomy":"tipo-de-academico","embeddable":true,"href":"https:\/\/exposicoes.abc.org.br\/100anos\/wp-json\/wp\/v2\/tipo-de-academico?post=449"}],"curies":[{"name":"wp","href":"https:\/\/api.w.org\/{rel}","templated":true}]}}