{"id":445,"date":"2026-01-15T15:21:57","date_gmt":"2026-01-15T18:21:57","guid":{"rendered":"https:\/\/exposicoes.abc.org.br\/100anos\/?post_type=academico&#038;p=445"},"modified":"2026-01-15T15:21:57","modified_gmt":"2026-01-15T18:21:57","slug":"ignacio-manoel-azevedo-do-amaral","status":"publish","type":"academico","link":"https:\/\/exposicoes.abc.org.br\/100anos\/academico\/ignacio-manoel-azevedo-do-amaral\/","title":{"rendered":"Ignacio Manoel Azevedo do Amaral"},"content":{"rendered":"\n<div class=\"wp-block-columns is-layout-flex wp-container-core-columns-is-layout-9d6595d7 wp-block-columns-is-layout-flex\">\n<div class=\"wp-block-column is-layout-flow wp-block-column-is-layout-flow\">\n<h2 class=\"wp-block-heading\">Sobre o Presidente<\/h2>\n\n\n\n<p>Nascido em 1883, no Rio de Janeiro, fez carreira na Marinha do Brasil e teve importante papel como educador. Formou-se na Escola Naval e doutorou-se em f\u00edsica e matem\u00e1tica pela Escola Polit\u00e9cnica do Rio de Janeiro, onde tamb\u00e9m foi professor e diretor. Lecionou ainda na Escola Normal do Distrito Federal e no Col\u00e9gio Pedro II. Entre 1925 e 1935, presidiu o Instituto T\u00e9cnico Naval. Foi um dos fundadores da Associa\u00e7\u00e3o Brasileira de Educa\u00e7\u00e3o e defendeu ativamente a melhoria do ensino universit\u00e1rio no pa\u00eds. Foi reitor da Universidade do Brasil. Ingressou na ABC no ano de sua funda\u00e7\u00e3o, em 1916, e foi presidente da entidade entre 1939 e 1941. Colaborou com jornais e dirigiu a Companhia Brasileira de Publicidade, al\u00e9m de atuar em diversas sociedades internacionais. Faleceu em 1950.<\/p>\n<\/div>\n\n\n\n<div class=\"wp-block-column is-layout-flow wp-block-column-is-layout-flow\">\n<figure class=\"wp-block-image size-full\"><img loading=\"lazy\" decoding=\"async\" width=\"542\" height=\"456\" src=\"https:\/\/exposicoes.abc.org.br\/100anos\/wp-content\/uploads\/2026\/01\/Captura-de-Tela-2026-01-13-as-11.33.25-1.png\" alt=\"\" class=\"wp-image-447\" srcset=\"https:\/\/exposicoes.abc.org.br\/100anos\/wp-content\/uploads\/2026\/01\/Captura-de-Tela-2026-01-13-as-11.33.25-1.png 542w, https:\/\/exposicoes.abc.org.br\/100anos\/wp-content\/uploads\/2026\/01\/Captura-de-Tela-2026-01-13-as-11.33.25-1-300x252.png 300w\" sizes=\"auto, (max-width: 542px) 100vw, 542px\" \/><figcaption class=\"wp-element-caption\">azevedo do amaral participou da recep\u00e7\u00e3o de einstein no brasil. na foto, o grupo visita o museu nacional, na quinta da boa vista. ignacio \u00e9 o quarto da esquerda para a direita, entre henrique morize e einstein. &#8211; acervo abc<\/figcaption><\/figure>\n<\/div>\n<\/div>\n\n\n\n<div style=\"height:100px\" aria-hidden=\"true\" class=\"wp-block-spacer\"><\/div>\n\n\n\n<hr class=\"wp-block-separator has-alpha-channel-opacity\"\/>\n\n\n\n<div style=\"height:100px\" aria-hidden=\"true\" class=\"wp-block-spacer\"><\/div>\n\n\n\n<h2 class=\"wp-block-heading\">Universidade, c\u00e9rebro da na\u00e7\u00e3o<\/h2>\n\n\n\n<p>Azevedo do Amaral foi um dos fundadores da Associa\u00e7\u00e3o Brasileira de Educa\u00e7\u00e3o, criada em 1924 com a finalidade de reunir educadores e outros atores comprometidos com as quest\u00f5es educacionais do pa\u00eds. Em v\u00e1rios cargos e posi\u00e7\u00f5es, lutou pela melhoria do ensino, especialmente nas universidades, que come\u00e7avam a se estabelecer no Brasil.\u00a0<br><br>Presidiu a comiss\u00e3o que elaborou o Plano da Universidade do Brasil e foi nomeado reitor da institui\u00e7\u00e3o em 1945, permanecendo na fun\u00e7\u00e3o at\u00e9 1948. Nesse per\u00edodo, atuou na cria\u00e7\u00e3o de institutos, no empenho pela autonomia universit\u00e1ria e no lan\u00e7amento das bases para a constru\u00e7\u00e3o da cidade universit\u00e1ria.\u00a0<br><br>Em seu primeiro pronunciamento como reitor, afirmou que \u201ca universidade n\u00e3o \u00e9 somente a deposit\u00e1ria da ci\u00eancia, da cultura e da t\u00e9cnica, para sua transmiss\u00e3o \u00e0s gera\u00e7\u00f5es sucessivas, como um patrim\u00f4nio sagrado; cumpre-lhe tamb\u00e9m, por uma ininterrupta atividade de pesquisa, contribuir de forma eficiente para o progresso e grandeza do Brasil\u201d.<br><br>Teve, ainda, uma passagem pela imprensa, tendo colaborado para os jornais O Paiz e O Imparcial. Publicou artigos sobre matem\u00e1tica, educa\u00e7\u00e3o e pol\u00edtica nacional.<\/p>\n\n\n\n<div style=\"height:100px\" aria-hidden=\"true\" class=\"wp-block-spacer\"><\/div>\n\n\n\n<blockquote class=\"wp-block-quote is-layout-flow wp-block-quote-is-layout-flow\">\n<p>\u201cA universidade \u00e9 a consci\u00eancia e o c\u00e9rebro da na\u00e7\u00e3o, pois ela reflete o pensamento do Brasil\u201d<\/p>\n<\/blockquote>\n","protected":false},"excerpt":{"rendered":"<p>Sobre o Presidente Nascido em 1883, no Rio de Janeiro, fez carreira na Marinha do Brasil e teve importante papel como educador. Formou-se na Escola Naval e doutorou-se em f\u00edsica e matem\u00e1tica pela Escola Polit\u00e9cnica do Rio de Janeiro, onde tamb\u00e9m foi professor e diretor. Lecionou ainda na Escola Normal do Distrito Federal e no&#8230;<\/p>\n","protected":false},"featured_media":446,"parent":0,"template":"","meta":{"_acf_changed":false,"footnotes":""},"periodo-de-presidencia":[40],"periodo-de-vida":[39],"tipo-de-academico":[3],"class_list":["post-445","academico","type-academico","status-publish","has-post-thumbnail","hentry","periodo-de-presidencia-1939-a-1941","periodo-de-vida-1883-1950","tipo-de-academico-presidentes-da-abc"],"acf":[],"yoast_head":"<!-- This site is optimized with the Yoast SEO plugin v26.8 - https:\/\/yoast.com\/product\/yoast-seo-wordpress\/ -->\n<title>Ignacio Manoel Azevedo do Amaral | Cem Anos de Ci\u00eancia<\/title>\n<meta name=\"robots\" content=\"index, follow, max-snippet:-1, max-image-preview:large, max-video-preview:-1\" \/>\n<link rel=\"canonical\" href=\"https:\/\/exposicoes.abc.org.br\/100anos\/academico\/ignacio-manoel-azevedo-do-amaral\/\" \/>\n<meta property=\"og:locale\" content=\"pt_BR\" \/>\n<meta property=\"og:type\" content=\"article\" \/>\n<meta property=\"og:title\" content=\"Ignacio Manoel Azevedo do Amaral | Cem Anos de Ci\u00eancia\" \/>\n<meta property=\"og:description\" content=\"Sobre o Presidente Nascido em 1883, no Rio de Janeiro, fez carreira na Marinha do Brasil e teve importante papel como educador. Formou-se na Escola Naval e doutorou-se em f\u00edsica e matem\u00e1tica pela Escola Polit\u00e9cnica do Rio de Janeiro, onde tamb\u00e9m foi professor e diretor. Lecionou ainda na Escola Normal do Distrito Federal e no...\" \/>\n<meta property=\"og:url\" content=\"https:\/\/exposicoes.abc.org.br\/100anos\/academico\/ignacio-manoel-azevedo-do-amaral\/\" \/>\n<meta property=\"og:site_name\" content=\"Cem Anos de Ci\u00eancia\" \/>\n<meta property=\"og:image\" content=\"https:\/\/exposicoes.abc.org.br\/100anos\/wp-content\/uploads\/2026\/01\/ignacio-hero.png\" \/>\n\t<meta property=\"og:image:width\" content=\"334\" \/>\n\t<meta property=\"og:image:height\" content=\"552\" \/>\n\t<meta property=\"og:image:type\" content=\"image\/png\" \/>\n<meta name=\"twitter:card\" content=\"summary_large_image\" \/>\n<meta name=\"twitter:label1\" content=\"Est. tempo de leitura\" \/>\n\t<meta name=\"twitter:data1\" content=\"2 minutos\" \/>\n<script type=\"application\/ld+json\" class=\"yoast-schema-graph\">{\"@context\":\"https:\/\/schema.org\",\"@graph\":[{\"@type\":\"WebPage\",\"@id\":\"https:\/\/exposicoes.abc.org.br\/100anos\/academico\/ignacio-manoel-azevedo-do-amaral\/\",\"url\":\"https:\/\/exposicoes.abc.org.br\/100anos\/academico\/ignacio-manoel-azevedo-do-amaral\/\",\"name\":\"Ignacio Manoel Azevedo do Amaral | Cem Anos de Ci\u00eancia\",\"isPartOf\":{\"@id\":\"https:\/\/exposicoes.abc.org.br\/100anos\/#website\"},\"primaryImageOfPage\":{\"@id\":\"https:\/\/exposicoes.abc.org.br\/100anos\/academico\/ignacio-manoel-azevedo-do-amaral\/#primaryimage\"},\"image\":{\"@id\":\"https:\/\/exposicoes.abc.org.br\/100anos\/academico\/ignacio-manoel-azevedo-do-amaral\/#primaryimage\"},\"thumbnailUrl\":\"https:\/\/exposicoes.abc.org.br\/100anos\/wp-content\/uploads\/2026\/01\/ignacio-hero.png\",\"datePublished\":\"2026-01-15T18:21:57+00:00\",\"breadcrumb\":{\"@id\":\"https:\/\/exposicoes.abc.org.br\/100anos\/academico\/ignacio-manoel-azevedo-do-amaral\/#breadcrumb\"},\"inLanguage\":\"pt-BR\",\"potentialAction\":[{\"@type\":\"ReadAction\",\"target\":[\"https:\/\/exposicoes.abc.org.br\/100anos\/academico\/ignacio-manoel-azevedo-do-amaral\/\"]}]},{\"@type\":\"ImageObject\",\"inLanguage\":\"pt-BR\",\"@id\":\"https:\/\/exposicoes.abc.org.br\/100anos\/academico\/ignacio-manoel-azevedo-do-amaral\/#primaryimage\",\"url\":\"https:\/\/exposicoes.abc.org.br\/100anos\/wp-content\/uploads\/2026\/01\/ignacio-hero.png\",\"contentUrl\":\"https:\/\/exposicoes.abc.org.br\/100anos\/wp-content\/uploads\/2026\/01\/ignacio-hero.png\",\"width\":334,\"height\":552},{\"@type\":\"BreadcrumbList\",\"@id\":\"https:\/\/exposicoes.abc.org.br\/100anos\/academico\/ignacio-manoel-azevedo-do-amaral\/#breadcrumb\",\"itemListElement\":[{\"@type\":\"ListItem\",\"position\":1,\"name\":\"In\u00edcio\",\"item\":\"https:\/\/exposicoes.abc.org.br\/100anos\/\"},{\"@type\":\"ListItem\",\"position\":2,\"name\":\"Ignacio Manoel Azevedo do Amaral\"}]},{\"@type\":\"WebSite\",\"@id\":\"https:\/\/exposicoes.abc.org.br\/100anos\/#website\",\"url\":\"https:\/\/exposicoes.abc.org.br\/100anos\/\",\"name\":\"Cem Anos de Ci\u00eancia\",\"description\":\"\",\"publisher\":{\"@id\":\"https:\/\/exposicoes.abc.org.br\/100anos\/#organization\"},\"potentialAction\":[{\"@type\":\"SearchAction\",\"target\":{\"@type\":\"EntryPoint\",\"urlTemplate\":\"https:\/\/exposicoes.abc.org.br\/100anos\/?s={search_term_string}\"},\"query-input\":{\"@type\":\"PropertyValueSpecification\",\"valueRequired\":true,\"valueName\":\"search_term_string\"}}],\"inLanguage\":\"pt-BR\"},{\"@type\":\"Organization\",\"@id\":\"https:\/\/exposicoes.abc.org.br\/100anos\/#organization\",\"name\":\"Academia Brasileira de Ci\u00eancias\",\"url\":\"https:\/\/exposicoes.abc.org.br\/100anos\/\",\"logo\":{\"@type\":\"ImageObject\",\"inLanguage\":\"pt-BR\",\"@id\":\"https:\/\/exposicoes.abc.org.br\/100anos\/#\/schema\/logo\/image\/\",\"url\":\"https:\/\/exposicoes.abc.org.br\/100anos\/wp-content\/uploads\/2025\/12\/logo-100-abc.png\",\"contentUrl\":\"https:\/\/exposicoes.abc.org.br\/100anos\/wp-content\/uploads\/2025\/12\/logo-100-abc.png\",\"width\":511,\"height\":116,\"caption\":\"Academia Brasileira de Ci\u00eancias\"},\"image\":{\"@id\":\"https:\/\/exposicoes.abc.org.br\/100anos\/#\/schema\/logo\/image\/\"}}]}<\/script>\n<!-- \/ Yoast SEO plugin. -->","yoast_head_json":{"title":"Ignacio Manoel Azevedo do Amaral | Cem Anos de Ci\u00eancia","robots":{"index":"index","follow":"follow","max-snippet":"max-snippet:-1","max-image-preview":"max-image-preview:large","max-video-preview":"max-video-preview:-1"},"canonical":"https:\/\/exposicoes.abc.org.br\/100anos\/academico\/ignacio-manoel-azevedo-do-amaral\/","og_locale":"pt_BR","og_type":"article","og_title":"Ignacio Manoel Azevedo do Amaral | Cem Anos de Ci\u00eancia","og_description":"Sobre o Presidente Nascido em 1883, no Rio de Janeiro, fez carreira na Marinha do Brasil e teve importante papel como educador. Formou-se na Escola Naval e doutorou-se em f\u00edsica e matem\u00e1tica pela Escola Polit\u00e9cnica do Rio de Janeiro, onde tamb\u00e9m foi professor e diretor. Lecionou ainda na Escola Normal do Distrito Federal e no...","og_url":"https:\/\/exposicoes.abc.org.br\/100anos\/academico\/ignacio-manoel-azevedo-do-amaral\/","og_site_name":"Cem Anos de Ci\u00eancia","og_image":[{"width":334,"height":552,"url":"https:\/\/exposicoes.abc.org.br\/100anos\/wp-content\/uploads\/2026\/01\/ignacio-hero.png","type":"image\/png"}],"twitter_card":"summary_large_image","twitter_misc":{"Est. tempo de leitura":"2 minutos"},"schema":{"@context":"https:\/\/schema.org","@graph":[{"@type":"WebPage","@id":"https:\/\/exposicoes.abc.org.br\/100anos\/academico\/ignacio-manoel-azevedo-do-amaral\/","url":"https:\/\/exposicoes.abc.org.br\/100anos\/academico\/ignacio-manoel-azevedo-do-amaral\/","name":"Ignacio Manoel Azevedo do Amaral | Cem Anos de Ci\u00eancia","isPartOf":{"@id":"https:\/\/exposicoes.abc.org.br\/100anos\/#website"},"primaryImageOfPage":{"@id":"https:\/\/exposicoes.abc.org.br\/100anos\/academico\/ignacio-manoel-azevedo-do-amaral\/#primaryimage"},"image":{"@id":"https:\/\/exposicoes.abc.org.br\/100anos\/academico\/ignacio-manoel-azevedo-do-amaral\/#primaryimage"},"thumbnailUrl":"https:\/\/exposicoes.abc.org.br\/100anos\/wp-content\/uploads\/2026\/01\/ignacio-hero.png","datePublished":"2026-01-15T18:21:57+00:00","breadcrumb":{"@id":"https:\/\/exposicoes.abc.org.br\/100anos\/academico\/ignacio-manoel-azevedo-do-amaral\/#breadcrumb"},"inLanguage":"pt-BR","potentialAction":[{"@type":"ReadAction","target":["https:\/\/exposicoes.abc.org.br\/100anos\/academico\/ignacio-manoel-azevedo-do-amaral\/"]}]},{"@type":"ImageObject","inLanguage":"pt-BR","@id":"https:\/\/exposicoes.abc.org.br\/100anos\/academico\/ignacio-manoel-azevedo-do-amaral\/#primaryimage","url":"https:\/\/exposicoes.abc.org.br\/100anos\/wp-content\/uploads\/2026\/01\/ignacio-hero.png","contentUrl":"https:\/\/exposicoes.abc.org.br\/100anos\/wp-content\/uploads\/2026\/01\/ignacio-hero.png","width":334,"height":552},{"@type":"BreadcrumbList","@id":"https:\/\/exposicoes.abc.org.br\/100anos\/academico\/ignacio-manoel-azevedo-do-amaral\/#breadcrumb","itemListElement":[{"@type":"ListItem","position":1,"name":"In\u00edcio","item":"https:\/\/exposicoes.abc.org.br\/100anos\/"},{"@type":"ListItem","position":2,"name":"Ignacio Manoel Azevedo do Amaral"}]},{"@type":"WebSite","@id":"https:\/\/exposicoes.abc.org.br\/100anos\/#website","url":"https:\/\/exposicoes.abc.org.br\/100anos\/","name":"Cem Anos de Ci\u00eancia","description":"","publisher":{"@id":"https:\/\/exposicoes.abc.org.br\/100anos\/#organization"},"potentialAction":[{"@type":"SearchAction","target":{"@type":"EntryPoint","urlTemplate":"https:\/\/exposicoes.abc.org.br\/100anos\/?s={search_term_string}"},"query-input":{"@type":"PropertyValueSpecification","valueRequired":true,"valueName":"search_term_string"}}],"inLanguage":"pt-BR"},{"@type":"Organization","@id":"https:\/\/exposicoes.abc.org.br\/100anos\/#organization","name":"Academia Brasileira de Ci\u00eancias","url":"https:\/\/exposicoes.abc.org.br\/100anos\/","logo":{"@type":"ImageObject","inLanguage":"pt-BR","@id":"https:\/\/exposicoes.abc.org.br\/100anos\/#\/schema\/logo\/image\/","url":"https:\/\/exposicoes.abc.org.br\/100anos\/wp-content\/uploads\/2025\/12\/logo-100-abc.png","contentUrl":"https:\/\/exposicoes.abc.org.br\/100anos\/wp-content\/uploads\/2025\/12\/logo-100-abc.png","width":511,"height":116,"caption":"Academia Brasileira de Ci\u00eancias"},"image":{"@id":"https:\/\/exposicoes.abc.org.br\/100anos\/#\/schema\/logo\/image\/"}}]}},"_links":{"self":[{"href":"https:\/\/exposicoes.abc.org.br\/100anos\/wp-json\/wp\/v2\/academico\/445","targetHints":{"allow":["GET"]}}],"collection":[{"href":"https:\/\/exposicoes.abc.org.br\/100anos\/wp-json\/wp\/v2\/academico"}],"about":[{"href":"https:\/\/exposicoes.abc.org.br\/100anos\/wp-json\/wp\/v2\/types\/academico"}],"version-history":[{"count":1,"href":"https:\/\/exposicoes.abc.org.br\/100anos\/wp-json\/wp\/v2\/academico\/445\/revisions"}],"predecessor-version":[{"id":448,"href":"https:\/\/exposicoes.abc.org.br\/100anos\/wp-json\/wp\/v2\/academico\/445\/revisions\/448"}],"wp:featuredmedia":[{"embeddable":true,"href":"https:\/\/exposicoes.abc.org.br\/100anos\/wp-json\/wp\/v2\/media\/446"}],"wp:attachment":[{"href":"https:\/\/exposicoes.abc.org.br\/100anos\/wp-json\/wp\/v2\/media?parent=445"}],"wp:term":[{"taxonomy":"periodo-de-presidencia","embeddable":true,"href":"https:\/\/exposicoes.abc.org.br\/100anos\/wp-json\/wp\/v2\/periodo-de-presidencia?post=445"},{"taxonomy":"periodo-de-vida","embeddable":true,"href":"https:\/\/exposicoes.abc.org.br\/100anos\/wp-json\/wp\/v2\/periodo-de-vida?post=445"},{"taxonomy":"tipo-de-academico","embeddable":true,"href":"https:\/\/exposicoes.abc.org.br\/100anos\/wp-json\/wp\/v2\/tipo-de-academico?post=445"}],"curies":[{"name":"wp","href":"https:\/\/api.w.org\/{rel}","templated":true}]}}