{"id":441,"date":"2026-01-15T15:17:26","date_gmt":"2026-01-15T18:17:26","guid":{"rendered":"https:\/\/exposicoes.abc.org.br\/100anos\/?post_type=academico&#038;p=441"},"modified":"2026-03-03T14:49:08","modified_gmt":"2026-03-03T17:49:08","slug":"adalberto-menezes-de-oliveira","status":"publish","type":"academico","link":"https:\/\/exposicoes.abc.org.br\/100anos\/academico\/adalberto-menezes-de-oliveira\/","title":{"rendered":"Adalberto Menezes de Oliveira"},"content":{"rendered":"\n<div class=\"wp-block-columns is-layout-flex wp-container-core-columns-is-layout-9d6595d7 wp-block-columns-is-layout-flex\">\n<div class=\"wp-block-column is-layout-flow wp-block-column-is-layout-flow\">\n<h2 class=\"wp-block-heading\">Sobre o Presidente<\/h2>\n\n\n\n<p>Nasceu em S\u00e3o Jo\u00e3o Del Rei, em Minas Gerais, e fez carreira como oficial da Marinha no Rio de Janeiro. No exterior, estudou engenharia el\u00e9trica na Universidade de Li\u00e9ge, na B\u00e9lgica, formando-se em 1908, e estagiou, no ano seguinte, na Inglaterra. Em 1919, fez curso na Faculdade de Paris, com a Nobel Marie Curie e Fernand Holweck. Na capital francesa, tamb\u00e9m se formou engenheiro radiotelegrafista pela Escola Superior de Eletricidade. No campo da educa\u00e7\u00e3o, escreveu livros did\u00e1ticos de f\u00edsica e foi professor da Escola Naval, da Escola Polit\u00e9cnica do Rio de Janeiro, da Escola Normal do Distrito Federal e da Faculdade de Filosofia, Ci\u00eancias e Letras da Universidade do Brasil. Defendia a realiza\u00e7\u00e3o de experimentos e atividades pr\u00e1ticas como forma de desenvolver senso cr\u00edtico e investigativo nos alunos. Na ABC, fez parte do primeiro grupo de s\u00f3cios, foi vice-presidente de 1929 a 1931 e presidente no bi\u00eanio 1937-1939. Tamb\u00e9m integrou a Associa\u00e7\u00e3o Brasileira de Educa\u00e7\u00e3o, ocupando o cargo de presidente da entidade entre 1934 e 1936.&nbsp;<\/p>\n<\/div>\n\n\n\n<div class=\"wp-block-column is-layout-flow wp-block-column-is-layout-flow\">\n<figure class=\"wp-block-image size-full\"><img loading=\"lazy\" decoding=\"async\" width=\"546\" height=\"537\" src=\"https:\/\/exposicoes.abc.org.br\/100anos\/wp-content\/uploads\/2026\/01\/adalberto-01.png\" alt=\"\" class=\"wp-image-443\" srcset=\"https:\/\/exposicoes.abc.org.br\/100anos\/wp-content\/uploads\/2026\/01\/adalberto-01.png 546w, https:\/\/exposicoes.abc.org.br\/100anos\/wp-content\/uploads\/2026\/01\/adalberto-01-300x295.png 300w\" sizes=\"auto, (max-width: 546px) 100vw, 546px\" \/><figcaption class=\"wp-element-caption\">carta-convite para que adalberto menezes de oliveira participasse da comiss\u00e3o organizadora da viii confer\u00eancia mundial de educa\u00e7\u00e3o, realizada no brasil em 1939. &#8211; acervo abc<br><br>ficha de cadastro do cientista na abc. &#8211; acervo abc<\/figcaption><\/figure>\n<\/div>\n<\/div>\n\n\n\n<div style=\"height:100px\" aria-hidden=\"true\" class=\"wp-block-spacer\"><\/div>\n\n\n\n<hr class=\"wp-block-separator has-alpha-channel-opacity\"\/>\n\n\n\n<div style=\"height:100px\" aria-hidden=\"true\" class=\"wp-block-spacer\"><\/div>\n\n\n\n<h2 class=\"wp-block-heading\">Ci\u00eancia, pol\u00edtica e educa\u00e7\u00e3o<\/h2>\n\n\n\n<p>Adalberto Menezes de Oliveira teve atua\u00e7\u00e3o importante tanto na ci\u00eancia quanto na educa\u00e7\u00e3o, tendo ocupado os cargos mais altos nas principais entidades representativas desses campos.\u00a0<br><br>Durante sua gest\u00e3o na ABC, a rela\u00e7\u00e3o entre a comunidade cient\u00edfica e os assuntos de Estado se tornou mais estreita, de modo que a Academia passou a fazer parte de discuss\u00f5es importantes sobre a regulamenta\u00e7\u00e3o e a formula\u00e7\u00e3o de pol\u00edticas p\u00fablicas em diversas \u00e1reas.\u00a0<\/p>\n\n\n\n<p>Oliveira integrou, por exemplo, junto a outros Acad\u00eamicos, a comiss\u00e3o de estudos sobre a regulamenta\u00e7\u00e3o da radiotelegrafia e radiotelefonia no Brasil. Tamb\u00e9m representou a ABC na Comiss\u00e3o de Metrologia, criada em 1938 pelo ent\u00e3o Minist\u00e9rio do Trabalho, Ind\u00fastria e Com\u00e9rcio para legislar sobre os sistemas de medidas utilizados no pa\u00eds.\u00a0<\/p>\n\n\n\n<p>Participou ainda da comiss\u00e3o nomeada pelo ent\u00e3o presidente Eurico Gaspar Dutra (1946-1951) para elaborar o projeto que resultou na cria\u00e7\u00e3o do Conselho Nacional de Pesquisa, o atual CNPq.<\/p>\n\n\n\n<p>Na Associa\u00e7\u00e3o Brasileira de Educa\u00e7\u00e3o (ABE), al\u00e9m de presidente, foi membro do Conselho Diretor, criador e redator da revista Educa\u00e7\u00e3o, que come\u00e7ou a circular em fevereiro de 1939. Dez anos antes, havia ajudado a criar a revista Ci\u00eancia e Educa\u00e7\u00e3o, dedicada \u00e0 divulga\u00e7\u00e3o cient\u00edfica e aos novos m\u00e9todos pedag\u00f3gicos e da qual foi diretor.\u00a0<\/p>\n\n\n\n<p>Ainda no campo da educa\u00e7\u00e3o e divulga\u00e7\u00e3o da ci\u00eancia, participou da s\u00e9rie de confer\u00eancias da ABE iniciada por \u00c1lvaro Ozorio de Almeida em 1929, abordando os temas das auroras polares e da alta atmosfera.<\/p>\n\n\n\n<p>Durante a gest\u00e3o do ministro da Educa\u00e7\u00e3o e Sa\u00fade Gustavo Capanema (1934-1945), foi convidado para integrar a Comiss\u00e3o Nacional do Livro Did\u00e1tico, que se manteve ativa nos primeiros anos da d\u00e9cada de 1940.<\/p>\n\n\n\n<div style=\"height:100px\" aria-hidden=\"true\" class=\"wp-block-spacer\"><\/div>\n","protected":false},"excerpt":{"rendered":"<p>Sobre o Presidente Nasceu em S\u00e3o Jo\u00e3o Del Rei, em Minas Gerais, e fez carreira como oficial da Marinha no Rio de Janeiro. No exterior, estudou engenharia el\u00e9trica na Universidade de Li\u00e9ge, na B\u00e9lgica, formando-se em 1908, e estagiou, no ano seguinte, na Inglaterra. Em 1919, fez curso na Faculdade de Paris, com a Nobel&#8230;<\/p>\n","protected":false},"featured_media":442,"parent":0,"template":"","meta":{"_acf_changed":false,"footnotes":""},"periodo-de-presidencia":[35],"periodo-de-vida":[38],"tipo-de-academico":[3],"class_list":["post-441","academico","type-academico","status-publish","has-post-thumbnail","hentry","periodo-de-presidencia-1935-a-1937-e-de-1949-a-1951","periodo-de-vida-1883-1973","tipo-de-academico-presidentes-da-abc"],"acf":[],"yoast_head":"<!-- This site is optimized with the Yoast SEO plugin v26.8 - https:\/\/yoast.com\/product\/yoast-seo-wordpress\/ -->\n<title>Adalberto Menezes de Oliveira | Cem Anos de Ci\u00eancia<\/title>\n<meta name=\"robots\" content=\"index, follow, max-snippet:-1, max-image-preview:large, max-video-preview:-1\" \/>\n<link rel=\"canonical\" href=\"https:\/\/exposicoes.abc.org.br\/100anos\/academico\/adalberto-menezes-de-oliveira\/\" \/>\n<meta property=\"og:locale\" content=\"pt_BR\" \/>\n<meta property=\"og:type\" content=\"article\" \/>\n<meta property=\"og:title\" content=\"Adalberto Menezes de Oliveira | Cem Anos de Ci\u00eancia\" \/>\n<meta property=\"og:description\" content=\"Sobre o Presidente Nasceu em S\u00e3o Jo\u00e3o Del Rei, em Minas Gerais, e fez carreira como oficial da Marinha no Rio de Janeiro. No exterior, estudou engenharia el\u00e9trica na Universidade de Li\u00e9ge, na B\u00e9lgica, formando-se em 1908, e estagiou, no ano seguinte, na Inglaterra. Em 1919, fez curso na Faculdade de Paris, com a Nobel...\" \/>\n<meta property=\"og:url\" content=\"https:\/\/exposicoes.abc.org.br\/100anos\/academico\/adalberto-menezes-de-oliveira\/\" \/>\n<meta property=\"og:site_name\" content=\"Cem Anos de Ci\u00eancia\" \/>\n<meta property=\"article:modified_time\" content=\"2026-03-03T17:49:08+00:00\" \/>\n<meta property=\"og:image\" content=\"https:\/\/exposicoes.abc.org.br\/100anos\/wp-content\/uploads\/2026\/01\/adalberto-hero.png\" \/>\n\t<meta property=\"og:image:width\" content=\"334\" \/>\n\t<meta property=\"og:image:height\" content=\"552\" \/>\n\t<meta property=\"og:image:type\" content=\"image\/png\" \/>\n<meta name=\"twitter:card\" content=\"summary_large_image\" \/>\n<meta name=\"twitter:label1\" content=\"Est. tempo de leitura\" \/>\n\t<meta name=\"twitter:data1\" content=\"4 minutos\" \/>\n<script type=\"application\/ld+json\" class=\"yoast-schema-graph\">{\"@context\":\"https:\/\/schema.org\",\"@graph\":[{\"@type\":\"WebPage\",\"@id\":\"https:\/\/exposicoes.abc.org.br\/100anos\/academico\/adalberto-menezes-de-oliveira\/\",\"url\":\"https:\/\/exposicoes.abc.org.br\/100anos\/academico\/adalberto-menezes-de-oliveira\/\",\"name\":\"Adalberto Menezes de Oliveira | Cem Anos de Ci\u00eancia\",\"isPartOf\":{\"@id\":\"https:\/\/exposicoes.abc.org.br\/100anos\/#website\"},\"primaryImageOfPage\":{\"@id\":\"https:\/\/exposicoes.abc.org.br\/100anos\/academico\/adalberto-menezes-de-oliveira\/#primaryimage\"},\"image\":{\"@id\":\"https:\/\/exposicoes.abc.org.br\/100anos\/academico\/adalberto-menezes-de-oliveira\/#primaryimage\"},\"thumbnailUrl\":\"https:\/\/exposicoes.abc.org.br\/100anos\/wp-content\/uploads\/2026\/01\/adalberto-hero.png\",\"datePublished\":\"2026-01-15T18:17:26+00:00\",\"dateModified\":\"2026-03-03T17:49:08+00:00\",\"breadcrumb\":{\"@id\":\"https:\/\/exposicoes.abc.org.br\/100anos\/academico\/adalberto-menezes-de-oliveira\/#breadcrumb\"},\"inLanguage\":\"pt-BR\",\"potentialAction\":[{\"@type\":\"ReadAction\",\"target\":[\"https:\/\/exposicoes.abc.org.br\/100anos\/academico\/adalberto-menezes-de-oliveira\/\"]}]},{\"@type\":\"ImageObject\",\"inLanguage\":\"pt-BR\",\"@id\":\"https:\/\/exposicoes.abc.org.br\/100anos\/academico\/adalberto-menezes-de-oliveira\/#primaryimage\",\"url\":\"https:\/\/exposicoes.abc.org.br\/100anos\/wp-content\/uploads\/2026\/01\/adalberto-hero.png\",\"contentUrl\":\"https:\/\/exposicoes.abc.org.br\/100anos\/wp-content\/uploads\/2026\/01\/adalberto-hero.png\",\"width\":334,\"height\":552},{\"@type\":\"BreadcrumbList\",\"@id\":\"https:\/\/exposicoes.abc.org.br\/100anos\/academico\/adalberto-menezes-de-oliveira\/#breadcrumb\",\"itemListElement\":[{\"@type\":\"ListItem\",\"position\":1,\"name\":\"In\u00edcio\",\"item\":\"https:\/\/exposicoes.abc.org.br\/100anos\/\"},{\"@type\":\"ListItem\",\"position\":2,\"name\":\"Adalberto Menezes de Oliveira\"}]},{\"@type\":\"WebSite\",\"@id\":\"https:\/\/exposicoes.abc.org.br\/100anos\/#website\",\"url\":\"https:\/\/exposicoes.abc.org.br\/100anos\/\",\"name\":\"Cem Anos de Ci\u00eancia\",\"description\":\"\",\"publisher\":{\"@id\":\"https:\/\/exposicoes.abc.org.br\/100anos\/#organization\"},\"potentialAction\":[{\"@type\":\"SearchAction\",\"target\":{\"@type\":\"EntryPoint\",\"urlTemplate\":\"https:\/\/exposicoes.abc.org.br\/100anos\/?s={search_term_string}\"},\"query-input\":{\"@type\":\"PropertyValueSpecification\",\"valueRequired\":true,\"valueName\":\"search_term_string\"}}],\"inLanguage\":\"pt-BR\"},{\"@type\":\"Organization\",\"@id\":\"https:\/\/exposicoes.abc.org.br\/100anos\/#organization\",\"name\":\"Academia Brasileira de Ci\u00eancias\",\"url\":\"https:\/\/exposicoes.abc.org.br\/100anos\/\",\"logo\":{\"@type\":\"ImageObject\",\"inLanguage\":\"pt-BR\",\"@id\":\"https:\/\/exposicoes.abc.org.br\/100anos\/#\/schema\/logo\/image\/\",\"url\":\"https:\/\/exposicoes.abc.org.br\/100anos\/wp-content\/uploads\/2025\/12\/logo-100-abc.png\",\"contentUrl\":\"https:\/\/exposicoes.abc.org.br\/100anos\/wp-content\/uploads\/2025\/12\/logo-100-abc.png\",\"width\":511,\"height\":116,\"caption\":\"Academia Brasileira de Ci\u00eancias\"},\"image\":{\"@id\":\"https:\/\/exposicoes.abc.org.br\/100anos\/#\/schema\/logo\/image\/\"}}]}<\/script>\n<!-- \/ Yoast SEO plugin. -->","yoast_head_json":{"title":"Adalberto Menezes de Oliveira | Cem Anos de Ci\u00eancia","robots":{"index":"index","follow":"follow","max-snippet":"max-snippet:-1","max-image-preview":"max-image-preview:large","max-video-preview":"max-video-preview:-1"},"canonical":"https:\/\/exposicoes.abc.org.br\/100anos\/academico\/adalberto-menezes-de-oliveira\/","og_locale":"pt_BR","og_type":"article","og_title":"Adalberto Menezes de Oliveira | Cem Anos de Ci\u00eancia","og_description":"Sobre o Presidente Nasceu em S\u00e3o Jo\u00e3o Del Rei, em Minas Gerais, e fez carreira como oficial da Marinha no Rio de Janeiro. No exterior, estudou engenharia el\u00e9trica na Universidade de Li\u00e9ge, na B\u00e9lgica, formando-se em 1908, e estagiou, no ano seguinte, na Inglaterra. Em 1919, fez curso na Faculdade de Paris, com a Nobel...","og_url":"https:\/\/exposicoes.abc.org.br\/100anos\/academico\/adalberto-menezes-de-oliveira\/","og_site_name":"Cem Anos de Ci\u00eancia","article_modified_time":"2026-03-03T17:49:08+00:00","og_image":[{"width":334,"height":552,"url":"https:\/\/exposicoes.abc.org.br\/100anos\/wp-content\/uploads\/2026\/01\/adalberto-hero.png","type":"image\/png"}],"twitter_card":"summary_large_image","twitter_misc":{"Est. tempo de leitura":"4 minutos"},"schema":{"@context":"https:\/\/schema.org","@graph":[{"@type":"WebPage","@id":"https:\/\/exposicoes.abc.org.br\/100anos\/academico\/adalberto-menezes-de-oliveira\/","url":"https:\/\/exposicoes.abc.org.br\/100anos\/academico\/adalberto-menezes-de-oliveira\/","name":"Adalberto Menezes de Oliveira | Cem Anos de Ci\u00eancia","isPartOf":{"@id":"https:\/\/exposicoes.abc.org.br\/100anos\/#website"},"primaryImageOfPage":{"@id":"https:\/\/exposicoes.abc.org.br\/100anos\/academico\/adalberto-menezes-de-oliveira\/#primaryimage"},"image":{"@id":"https:\/\/exposicoes.abc.org.br\/100anos\/academico\/adalberto-menezes-de-oliveira\/#primaryimage"},"thumbnailUrl":"https:\/\/exposicoes.abc.org.br\/100anos\/wp-content\/uploads\/2026\/01\/adalberto-hero.png","datePublished":"2026-01-15T18:17:26+00:00","dateModified":"2026-03-03T17:49:08+00:00","breadcrumb":{"@id":"https:\/\/exposicoes.abc.org.br\/100anos\/academico\/adalberto-menezes-de-oliveira\/#breadcrumb"},"inLanguage":"pt-BR","potentialAction":[{"@type":"ReadAction","target":["https:\/\/exposicoes.abc.org.br\/100anos\/academico\/adalberto-menezes-de-oliveira\/"]}]},{"@type":"ImageObject","inLanguage":"pt-BR","@id":"https:\/\/exposicoes.abc.org.br\/100anos\/academico\/adalberto-menezes-de-oliveira\/#primaryimage","url":"https:\/\/exposicoes.abc.org.br\/100anos\/wp-content\/uploads\/2026\/01\/adalberto-hero.png","contentUrl":"https:\/\/exposicoes.abc.org.br\/100anos\/wp-content\/uploads\/2026\/01\/adalberto-hero.png","width":334,"height":552},{"@type":"BreadcrumbList","@id":"https:\/\/exposicoes.abc.org.br\/100anos\/academico\/adalberto-menezes-de-oliveira\/#breadcrumb","itemListElement":[{"@type":"ListItem","position":1,"name":"In\u00edcio","item":"https:\/\/exposicoes.abc.org.br\/100anos\/"},{"@type":"ListItem","position":2,"name":"Adalberto Menezes de Oliveira"}]},{"@type":"WebSite","@id":"https:\/\/exposicoes.abc.org.br\/100anos\/#website","url":"https:\/\/exposicoes.abc.org.br\/100anos\/","name":"Cem Anos de Ci\u00eancia","description":"","publisher":{"@id":"https:\/\/exposicoes.abc.org.br\/100anos\/#organization"},"potentialAction":[{"@type":"SearchAction","target":{"@type":"EntryPoint","urlTemplate":"https:\/\/exposicoes.abc.org.br\/100anos\/?s={search_term_string}"},"query-input":{"@type":"PropertyValueSpecification","valueRequired":true,"valueName":"search_term_string"}}],"inLanguage":"pt-BR"},{"@type":"Organization","@id":"https:\/\/exposicoes.abc.org.br\/100anos\/#organization","name":"Academia Brasileira de Ci\u00eancias","url":"https:\/\/exposicoes.abc.org.br\/100anos\/","logo":{"@type":"ImageObject","inLanguage":"pt-BR","@id":"https:\/\/exposicoes.abc.org.br\/100anos\/#\/schema\/logo\/image\/","url":"https:\/\/exposicoes.abc.org.br\/100anos\/wp-content\/uploads\/2025\/12\/logo-100-abc.png","contentUrl":"https:\/\/exposicoes.abc.org.br\/100anos\/wp-content\/uploads\/2025\/12\/logo-100-abc.png","width":511,"height":116,"caption":"Academia Brasileira de Ci\u00eancias"},"image":{"@id":"https:\/\/exposicoes.abc.org.br\/100anos\/#\/schema\/logo\/image\/"}}]}},"_links":{"self":[{"href":"https:\/\/exposicoes.abc.org.br\/100anos\/wp-json\/wp\/v2\/academico\/441","targetHints":{"allow":["GET"]}}],"collection":[{"href":"https:\/\/exposicoes.abc.org.br\/100anos\/wp-json\/wp\/v2\/academico"}],"about":[{"href":"https:\/\/exposicoes.abc.org.br\/100anos\/wp-json\/wp\/v2\/types\/academico"}],"version-history":[{"count":2,"href":"https:\/\/exposicoes.abc.org.br\/100anos\/wp-json\/wp\/v2\/academico\/441\/revisions"}],"predecessor-version":[{"id":900,"href":"https:\/\/exposicoes.abc.org.br\/100anos\/wp-json\/wp\/v2\/academico\/441\/revisions\/900"}],"wp:featuredmedia":[{"embeddable":true,"href":"https:\/\/exposicoes.abc.org.br\/100anos\/wp-json\/wp\/v2\/media\/442"}],"wp:attachment":[{"href":"https:\/\/exposicoes.abc.org.br\/100anos\/wp-json\/wp\/v2\/media?parent=441"}],"wp:term":[{"taxonomy":"periodo-de-presidencia","embeddable":true,"href":"https:\/\/exposicoes.abc.org.br\/100anos\/wp-json\/wp\/v2\/periodo-de-presidencia?post=441"},{"taxonomy":"periodo-de-vida","embeddable":true,"href":"https:\/\/exposicoes.abc.org.br\/100anos\/wp-json\/wp\/v2\/periodo-de-vida?post=441"},{"taxonomy":"tipo-de-academico","embeddable":true,"href":"https:\/\/exposicoes.abc.org.br\/100anos\/wp-json\/wp\/v2\/tipo-de-academico?post=441"}],"curies":[{"name":"wp","href":"https:\/\/api.w.org\/{rel}","templated":true}]}}