{"id":437,"date":"2026-01-15T15:11:48","date_gmt":"2026-01-15T18:11:48","guid":{"rendered":"https:\/\/exposicoes.abc.org.br\/100anos\/?post_type=academico&#038;p=437"},"modified":"2026-01-15T15:11:48","modified_gmt":"2026-01-15T18:11:48","slug":"alvaro-alberto-da-motta-e-silva","status":"publish","type":"academico","link":"https:\/\/exposicoes.abc.org.br\/100anos\/academico\/alvaro-alberto-da-motta-e-silva\/","title":{"rendered":"\u00c1lvaro Alberto da Motta e Silva"},"content":{"rendered":"\n<div class=\"wp-block-columns is-layout-flex wp-container-core-columns-is-layout-9d6595d7 wp-block-columns-is-layout-flex\">\n<div class=\"wp-block-column is-layout-flow wp-block-column-is-layout-flow\">\n<h2 class=\"wp-block-heading\">Sobre o Presidente<\/h2>\n\n\n\n<p>Carioca, estudou engenharia na Escola Polit\u00e9cnica do Rio de Janeiro e na Escola T\u00e9cnica Central de Bruxelas, na B\u00e9lgica. Seguiu carreira na Marinha, tornando-se vice-almirante. Durante a Segunda Guerra Mundial, desenvolveu m\u00e9todo de fabrica\u00e7\u00e3o de estabilizantes qu\u00edmicos. Entusiasta do uso pac\u00edfico da energia nuclear, esteve \u00e0 frente da implanta\u00e7\u00e3o do Programa Nuclear Brasileiro. Foi o representante do Brasil na Comiss\u00e3o de Energia At\u00f4mica da Organiza\u00e7\u00e3o das Na\u00e7\u00f5es Unidas no bi\u00eanio 1946-1947. Em 1921, ingressou como membro da ABC, ocupando diversos cargos na entidade: 2\u00b0 secret\u00e1rio (1924-1926), secret\u00e1rio geral (1926-1929), vice-presidente (1929-1931) e presidente (1935-1937 e 1949-1951). Participou ativamente da cria\u00e7\u00e3o do Conselho Nacional de Pesquisa, do qual foi o primeiro presidente. Neste cargo, ajudou a criar o Instituto de Matem\u00e1tica Pura e Aplicada e o Instituto de Pesquisas da Amaz\u00f4nia. Hoje, \u00e9 homenageado pela Central Nuclear Almirante \u00c1lvaro Alberto, em Angra dos Reis, que produz a maior parte da energia nuclear do pa\u00eds.\u00a0<\/p>\n<\/div>\n\n\n\n<div class=\"wp-block-column is-layout-flow wp-block-column-is-layout-flow\">\n<figure class=\"wp-block-image size-full\"><img loading=\"lazy\" decoding=\"async\" width=\"546\" height=\"537\" src=\"https:\/\/exposicoes.abc.org.br\/100anos\/wp-content\/uploads\/2026\/01\/alvaro-01.png\" alt=\"\" class=\"wp-image-439\" srcset=\"https:\/\/exposicoes.abc.org.br\/100anos\/wp-content\/uploads\/2026\/01\/alvaro-01.png 546w, https:\/\/exposicoes.abc.org.br\/100anos\/wp-content\/uploads\/2026\/01\/alvaro-01-300x295.png 300w\" sizes=\"auto, (max-width: 546px) 100vw, 546px\" \/><figcaption class=\"wp-element-caption\">no topo da p\u00e1gina, \u00e1lvaro alberto em audi\u00eancia com o presidente get\u00falio vargas no pal\u00e1cio do catete (rj). &#8211; acervo abc<br>\u00e0 esquerda, o cientista reunido com o presidente dutra, tamb\u00e9m no pal\u00e1cio do catete. nesta reuni\u00e3o, foi decidida a cria\u00e7\u00e3o do cnpq. &#8211; acervo abc<br>\u00e0 direita, carta de \u00e1lvaro alberto a pacheco le\u00e3o, na \u00e9poca presidente da abc, sugerindo congratular a santa s\u00e9 pela iniciativa de anular as senten\u00e7as que condenavam galileu galilei (23\/07\/1968). &#8211; acervo abc<\/figcaption><\/figure>\n<\/div>\n<\/div>\n\n\n\n<div style=\"height:100px\" aria-hidden=\"true\" class=\"wp-block-spacer\"><\/div>\n\n\n\n<hr class=\"wp-block-separator has-alpha-channel-opacity\"\/>\n\n\n\n<div style=\"height:100px\" aria-hidden=\"true\" class=\"wp-block-spacer\"><\/div>\n\n\n\n<h2 class=\"wp-block-heading\">Energia nuclear para o Brasil<\/h2>\n\n\n\n<p>A gera\u00e7\u00e3o de energia nuclear acontece pela fiss\u00e3o ou divis\u00e3o do n\u00facleo at\u00f4mico, um processo que libera grandes quantidades de energia. Isto acontece, de forma muito intensa, na explos\u00e3o de uma bomba at\u00f4mica. Mas, se este processo for controlado, a energia gerada pode ser aproveitada para fins pac\u00edficos. \u00c9 o que acontece nas usinas de energia nuclear em funcionamento no mundo.\u00a0<br><br>O vice-almirante \u00c1lvaro Alberto da Motta e Silva foi pioneiro nas pesquisas brasileiras sobre energia nuclear e defendia que esse conhecimento \u2013 malfadado pela explos\u00e3o destrutiva das bombas at\u00f4micas \u2013 fosse usado tamb\u00e9m para a promo\u00e7\u00e3o do desenvolvimento e da paz. Partindo dessa premissa, ajudou na constitui\u00e7\u00e3o do Programa Nuclear Brasileiro.\u00a0<br><br>Motta e Silva tamb\u00e9m teve importante atua\u00e7\u00e3o na institucionaliza\u00e7\u00e3o e desenvolvimento da ci\u00eancia nacional, sendo um dos principais nomes por tr\u00e1s da cria\u00e7\u00e3o, em 1951, do Conselho Nacional de Pesquisas (CNPq), principal \u00f3rg\u00e3o estatal de fomento \u00e0 pesquisa no Brasil. \u00a0<br><br>Na \u00e9poca, havia o entendimento, por parte da comunidade cient\u00edfica, de que apenas o Estado disporia de recursos para apoiar programas cient\u00edficos de peso no pa\u00eds. Por sugest\u00e3o de Motta e Silva, endossada pela ABC, foi apresentada ent\u00e3o ao governo federal, em 1946, a proposta de cria\u00e7\u00e3o do CNPq, concretizada cinco anos depois.\u00a0<br><br>Em homenagem ao cientista, foi institu\u00eddo pelo CNPq, em 1986, o Pr\u00eamio Almirante \u00c1lvaro Alberto para Ci\u00eancia e Tecnologia, atribu\u00eddo anualmente a um pesquisador que tenha se destacado pela realiza\u00e7\u00e3o de obra cient\u00edfica ou tecnol\u00f3gica de reconhecido valor para o progresso da sua \u00e1rea.\u00a0<\/p>\n\n\n\n<div style=\"height:100px\" aria-hidden=\"true\" class=\"wp-block-spacer\"><\/div>\n\n\n\n<blockquote class=\"wp-block-quote is-layout-flow wp-block-quote-is-layout-flow\">\n<p>Apaixonado por explosivos, Motta e Silva chegou a inventar dois deles, a rupturita e a alexandrinita. E foi assim que nasceu seu interesse pela energia nuclear, \u00e1rea na qual pesquisou e militou ao longo de sua carreira.\u00a0<\/p>\n<cite>Curiosidade<\/cite><\/blockquote>\n","protected":false},"excerpt":{"rendered":"<p>Sobre o Presidente Carioca, estudou engenharia na Escola Polit\u00e9cnica do Rio de Janeiro e na Escola T\u00e9cnica Central de Bruxelas, na B\u00e9lgica. Seguiu carreira na Marinha, tornando-se vice-almirante. Durante a Segunda Guerra Mundial, desenvolveu m\u00e9todo de fabrica\u00e7\u00e3o de estabilizantes qu\u00edmicos. Entusiasta do uso pac\u00edfico da energia nuclear, esteve \u00e0 frente da implanta\u00e7\u00e3o do Programa Nuclear&#8230;<\/p>\n","protected":false},"featured_media":438,"parent":0,"template":"","meta":{"_acf_changed":false,"footnotes":""},"periodo-de-presidencia":[35],"periodo-de-vida":[34],"tipo-de-academico":[3],"class_list":["post-437","academico","type-academico","status-publish","has-post-thumbnail","hentry","periodo-de-presidencia-1935-a-1937-e-de-1949-a-1951","periodo-de-vida-1889-1976","tipo-de-academico-presidentes-da-abc"],"acf":[],"yoast_head":"<!-- This site is optimized with the Yoast SEO plugin v26.8 - https:\/\/yoast.com\/product\/yoast-seo-wordpress\/ -->\n<title>\u00c1lvaro Alberto da Motta e Silva | Cem Anos de Ci\u00eancia<\/title>\n<meta name=\"robots\" content=\"index, follow, max-snippet:-1, max-image-preview:large, max-video-preview:-1\" \/>\n<link rel=\"canonical\" href=\"https:\/\/exposicoes.abc.org.br\/100anos\/academico\/alvaro-alberto-da-motta-e-silva\/\" \/>\n<meta property=\"og:locale\" content=\"pt_BR\" \/>\n<meta property=\"og:type\" content=\"article\" \/>\n<meta property=\"og:title\" content=\"\u00c1lvaro Alberto da Motta e Silva | Cem Anos de Ci\u00eancia\" \/>\n<meta property=\"og:description\" content=\"Sobre o Presidente Carioca, estudou engenharia na Escola Polit\u00e9cnica do Rio de Janeiro e na Escola T\u00e9cnica Central de Bruxelas, na B\u00e9lgica. Seguiu carreira na Marinha, tornando-se vice-almirante. Durante a Segunda Guerra Mundial, desenvolveu m\u00e9todo de fabrica\u00e7\u00e3o de estabilizantes qu\u00edmicos. Entusiasta do uso pac\u00edfico da energia nuclear, esteve \u00e0 frente da implanta\u00e7\u00e3o do Programa Nuclear...\" \/>\n<meta property=\"og:url\" content=\"https:\/\/exposicoes.abc.org.br\/100anos\/academico\/alvaro-alberto-da-motta-e-silva\/\" \/>\n<meta property=\"og:site_name\" content=\"Cem Anos de Ci\u00eancia\" \/>\n<meta property=\"og:image\" content=\"https:\/\/exposicoes.abc.org.br\/100anos\/wp-content\/uploads\/2026\/01\/alvaro-hero.png\" \/>\n\t<meta property=\"og:image:width\" content=\"334\" \/>\n\t<meta property=\"og:image:height\" content=\"552\" \/>\n\t<meta property=\"og:image:type\" content=\"image\/png\" \/>\n<meta name=\"twitter:card\" content=\"summary_large_image\" \/>\n<meta name=\"twitter:label1\" content=\"Est. tempo de leitura\" \/>\n\t<meta name=\"twitter:data1\" content=\"3 minutos\" \/>\n<script type=\"application\/ld+json\" class=\"yoast-schema-graph\">{\"@context\":\"https:\/\/schema.org\",\"@graph\":[{\"@type\":\"WebPage\",\"@id\":\"https:\/\/exposicoes.abc.org.br\/100anos\/academico\/alvaro-alberto-da-motta-e-silva\/\",\"url\":\"https:\/\/exposicoes.abc.org.br\/100anos\/academico\/alvaro-alberto-da-motta-e-silva\/\",\"name\":\"\u00c1lvaro Alberto da Motta e Silva | Cem Anos de Ci\u00eancia\",\"isPartOf\":{\"@id\":\"https:\/\/exposicoes.abc.org.br\/100anos\/#website\"},\"primaryImageOfPage\":{\"@id\":\"https:\/\/exposicoes.abc.org.br\/100anos\/academico\/alvaro-alberto-da-motta-e-silva\/#primaryimage\"},\"image\":{\"@id\":\"https:\/\/exposicoes.abc.org.br\/100anos\/academico\/alvaro-alberto-da-motta-e-silva\/#primaryimage\"},\"thumbnailUrl\":\"https:\/\/exposicoes.abc.org.br\/100anos\/wp-content\/uploads\/2026\/01\/alvaro-hero.png\",\"datePublished\":\"2026-01-15T18:11:48+00:00\",\"breadcrumb\":{\"@id\":\"https:\/\/exposicoes.abc.org.br\/100anos\/academico\/alvaro-alberto-da-motta-e-silva\/#breadcrumb\"},\"inLanguage\":\"pt-BR\",\"potentialAction\":[{\"@type\":\"ReadAction\",\"target\":[\"https:\/\/exposicoes.abc.org.br\/100anos\/academico\/alvaro-alberto-da-motta-e-silva\/\"]}]},{\"@type\":\"ImageObject\",\"inLanguage\":\"pt-BR\",\"@id\":\"https:\/\/exposicoes.abc.org.br\/100anos\/academico\/alvaro-alberto-da-motta-e-silva\/#primaryimage\",\"url\":\"https:\/\/exposicoes.abc.org.br\/100anos\/wp-content\/uploads\/2026\/01\/alvaro-hero.png\",\"contentUrl\":\"https:\/\/exposicoes.abc.org.br\/100anos\/wp-content\/uploads\/2026\/01\/alvaro-hero.png\",\"width\":334,\"height\":552},{\"@type\":\"BreadcrumbList\",\"@id\":\"https:\/\/exposicoes.abc.org.br\/100anos\/academico\/alvaro-alberto-da-motta-e-silva\/#breadcrumb\",\"itemListElement\":[{\"@type\":\"ListItem\",\"position\":1,\"name\":\"In\u00edcio\",\"item\":\"https:\/\/exposicoes.abc.org.br\/100anos\/\"},{\"@type\":\"ListItem\",\"position\":2,\"name\":\"\u00c1lvaro Alberto da Motta e Silva\"}]},{\"@type\":\"WebSite\",\"@id\":\"https:\/\/exposicoes.abc.org.br\/100anos\/#website\",\"url\":\"https:\/\/exposicoes.abc.org.br\/100anos\/\",\"name\":\"Cem Anos de Ci\u00eancia\",\"description\":\"\",\"publisher\":{\"@id\":\"https:\/\/exposicoes.abc.org.br\/100anos\/#organization\"},\"potentialAction\":[{\"@type\":\"SearchAction\",\"target\":{\"@type\":\"EntryPoint\",\"urlTemplate\":\"https:\/\/exposicoes.abc.org.br\/100anos\/?s={search_term_string}\"},\"query-input\":{\"@type\":\"PropertyValueSpecification\",\"valueRequired\":true,\"valueName\":\"search_term_string\"}}],\"inLanguage\":\"pt-BR\"},{\"@type\":\"Organization\",\"@id\":\"https:\/\/exposicoes.abc.org.br\/100anos\/#organization\",\"name\":\"Academia Brasileira de Ci\u00eancias\",\"url\":\"https:\/\/exposicoes.abc.org.br\/100anos\/\",\"logo\":{\"@type\":\"ImageObject\",\"inLanguage\":\"pt-BR\",\"@id\":\"https:\/\/exposicoes.abc.org.br\/100anos\/#\/schema\/logo\/image\/\",\"url\":\"https:\/\/exposicoes.abc.org.br\/100anos\/wp-content\/uploads\/2025\/12\/logo-100-abc.png\",\"contentUrl\":\"https:\/\/exposicoes.abc.org.br\/100anos\/wp-content\/uploads\/2025\/12\/logo-100-abc.png\",\"width\":511,\"height\":116,\"caption\":\"Academia Brasileira de Ci\u00eancias\"},\"image\":{\"@id\":\"https:\/\/exposicoes.abc.org.br\/100anos\/#\/schema\/logo\/image\/\"}}]}<\/script>\n<!-- \/ Yoast SEO plugin. -->","yoast_head_json":{"title":"\u00c1lvaro Alberto da Motta e Silva | Cem Anos de Ci\u00eancia","robots":{"index":"index","follow":"follow","max-snippet":"max-snippet:-1","max-image-preview":"max-image-preview:large","max-video-preview":"max-video-preview:-1"},"canonical":"https:\/\/exposicoes.abc.org.br\/100anos\/academico\/alvaro-alberto-da-motta-e-silva\/","og_locale":"pt_BR","og_type":"article","og_title":"\u00c1lvaro Alberto da Motta e Silva | Cem Anos de Ci\u00eancia","og_description":"Sobre o Presidente Carioca, estudou engenharia na Escola Polit\u00e9cnica do Rio de Janeiro e na Escola T\u00e9cnica Central de Bruxelas, na B\u00e9lgica. Seguiu carreira na Marinha, tornando-se vice-almirante. Durante a Segunda Guerra Mundial, desenvolveu m\u00e9todo de fabrica\u00e7\u00e3o de estabilizantes qu\u00edmicos. Entusiasta do uso pac\u00edfico da energia nuclear, esteve \u00e0 frente da implanta\u00e7\u00e3o do Programa Nuclear...","og_url":"https:\/\/exposicoes.abc.org.br\/100anos\/academico\/alvaro-alberto-da-motta-e-silva\/","og_site_name":"Cem Anos de Ci\u00eancia","og_image":[{"width":334,"height":552,"url":"https:\/\/exposicoes.abc.org.br\/100anos\/wp-content\/uploads\/2026\/01\/alvaro-hero.png","type":"image\/png"}],"twitter_card":"summary_large_image","twitter_misc":{"Est. tempo de leitura":"3 minutos"},"schema":{"@context":"https:\/\/schema.org","@graph":[{"@type":"WebPage","@id":"https:\/\/exposicoes.abc.org.br\/100anos\/academico\/alvaro-alberto-da-motta-e-silva\/","url":"https:\/\/exposicoes.abc.org.br\/100anos\/academico\/alvaro-alberto-da-motta-e-silva\/","name":"\u00c1lvaro Alberto da Motta e Silva | Cem Anos de Ci\u00eancia","isPartOf":{"@id":"https:\/\/exposicoes.abc.org.br\/100anos\/#website"},"primaryImageOfPage":{"@id":"https:\/\/exposicoes.abc.org.br\/100anos\/academico\/alvaro-alberto-da-motta-e-silva\/#primaryimage"},"image":{"@id":"https:\/\/exposicoes.abc.org.br\/100anos\/academico\/alvaro-alberto-da-motta-e-silva\/#primaryimage"},"thumbnailUrl":"https:\/\/exposicoes.abc.org.br\/100anos\/wp-content\/uploads\/2026\/01\/alvaro-hero.png","datePublished":"2026-01-15T18:11:48+00:00","breadcrumb":{"@id":"https:\/\/exposicoes.abc.org.br\/100anos\/academico\/alvaro-alberto-da-motta-e-silva\/#breadcrumb"},"inLanguage":"pt-BR","potentialAction":[{"@type":"ReadAction","target":["https:\/\/exposicoes.abc.org.br\/100anos\/academico\/alvaro-alberto-da-motta-e-silva\/"]}]},{"@type":"ImageObject","inLanguage":"pt-BR","@id":"https:\/\/exposicoes.abc.org.br\/100anos\/academico\/alvaro-alberto-da-motta-e-silva\/#primaryimage","url":"https:\/\/exposicoes.abc.org.br\/100anos\/wp-content\/uploads\/2026\/01\/alvaro-hero.png","contentUrl":"https:\/\/exposicoes.abc.org.br\/100anos\/wp-content\/uploads\/2026\/01\/alvaro-hero.png","width":334,"height":552},{"@type":"BreadcrumbList","@id":"https:\/\/exposicoes.abc.org.br\/100anos\/academico\/alvaro-alberto-da-motta-e-silva\/#breadcrumb","itemListElement":[{"@type":"ListItem","position":1,"name":"In\u00edcio","item":"https:\/\/exposicoes.abc.org.br\/100anos\/"},{"@type":"ListItem","position":2,"name":"\u00c1lvaro Alberto da Motta e Silva"}]},{"@type":"WebSite","@id":"https:\/\/exposicoes.abc.org.br\/100anos\/#website","url":"https:\/\/exposicoes.abc.org.br\/100anos\/","name":"Cem Anos de Ci\u00eancia","description":"","publisher":{"@id":"https:\/\/exposicoes.abc.org.br\/100anos\/#organization"},"potentialAction":[{"@type":"SearchAction","target":{"@type":"EntryPoint","urlTemplate":"https:\/\/exposicoes.abc.org.br\/100anos\/?s={search_term_string}"},"query-input":{"@type":"PropertyValueSpecification","valueRequired":true,"valueName":"search_term_string"}}],"inLanguage":"pt-BR"},{"@type":"Organization","@id":"https:\/\/exposicoes.abc.org.br\/100anos\/#organization","name":"Academia Brasileira de Ci\u00eancias","url":"https:\/\/exposicoes.abc.org.br\/100anos\/","logo":{"@type":"ImageObject","inLanguage":"pt-BR","@id":"https:\/\/exposicoes.abc.org.br\/100anos\/#\/schema\/logo\/image\/","url":"https:\/\/exposicoes.abc.org.br\/100anos\/wp-content\/uploads\/2025\/12\/logo-100-abc.png","contentUrl":"https:\/\/exposicoes.abc.org.br\/100anos\/wp-content\/uploads\/2025\/12\/logo-100-abc.png","width":511,"height":116,"caption":"Academia Brasileira de Ci\u00eancias"},"image":{"@id":"https:\/\/exposicoes.abc.org.br\/100anos\/#\/schema\/logo\/image\/"}}]}},"_links":{"self":[{"href":"https:\/\/exposicoes.abc.org.br\/100anos\/wp-json\/wp\/v2\/academico\/437","targetHints":{"allow":["GET"]}}],"collection":[{"href":"https:\/\/exposicoes.abc.org.br\/100anos\/wp-json\/wp\/v2\/academico"}],"about":[{"href":"https:\/\/exposicoes.abc.org.br\/100anos\/wp-json\/wp\/v2\/types\/academico"}],"version-history":[{"count":1,"href":"https:\/\/exposicoes.abc.org.br\/100anos\/wp-json\/wp\/v2\/academico\/437\/revisions"}],"predecessor-version":[{"id":440,"href":"https:\/\/exposicoes.abc.org.br\/100anos\/wp-json\/wp\/v2\/academico\/437\/revisions\/440"}],"wp:featuredmedia":[{"embeddable":true,"href":"https:\/\/exposicoes.abc.org.br\/100anos\/wp-json\/wp\/v2\/media\/438"}],"wp:attachment":[{"href":"https:\/\/exposicoes.abc.org.br\/100anos\/wp-json\/wp\/v2\/media?parent=437"}],"wp:term":[{"taxonomy":"periodo-de-presidencia","embeddable":true,"href":"https:\/\/exposicoes.abc.org.br\/100anos\/wp-json\/wp\/v2\/periodo-de-presidencia?post=437"},{"taxonomy":"periodo-de-vida","embeddable":true,"href":"https:\/\/exposicoes.abc.org.br\/100anos\/wp-json\/wp\/v2\/periodo-de-vida?post=437"},{"taxonomy":"tipo-de-academico","embeddable":true,"href":"https:\/\/exposicoes.abc.org.br\/100anos\/wp-json\/wp\/v2\/tipo-de-academico?post=437"}],"curies":[{"name":"wp","href":"https:\/\/api.w.org\/{rel}","templated":true}]}}