{"id":430,"date":"2026-01-15T15:04:14","date_gmt":"2026-01-15T18:04:14","guid":{"rendered":"https:\/\/exposicoes.abc.org.br\/100anos\/?post_type=academico&#038;p=430"},"modified":"2026-01-15T15:06:52","modified_gmt":"2026-01-15T18:06:52","slug":"euzebio-paulo-de-oliveira","status":"publish","type":"academico","link":"https:\/\/exposicoes.abc.org.br\/100anos\/academico\/euzebio-paulo-de-oliveira\/","title":{"rendered":"Euz\u00e9bio Paulo de Oliveira"},"content":{"rendered":"\n<div class=\"wp-block-columns is-layout-flex wp-container-core-columns-is-layout-9d6595d7 wp-block-columns-is-layout-flex\">\n<div class=\"wp-block-column is-layout-flow wp-block-column-is-layout-flow\">\n<h2 class=\"wp-block-heading\">Sobre o Presidente<\/h2>\n\n\n\n<p>Nascido em Minas Gerais, em 1883, estudou engenharia de minas e civil na Escola de Minas de Ouro Preto. Ingressou como ge\u00f3logo no Servi\u00e7o Geol\u00f3gico e Mineral\u00f3gico do Brasil em 1907, ano de sua cria\u00e7\u00e3o, e trabalhou na institui\u00e7\u00e3o durante toda a vida. Como diretor do Servi\u00e7o, entre 1925 e 1933, deu um novo impulso ao \u00f3rg\u00e3o, com a reorganiza\u00e7\u00e3o de sua estrutura f\u00edsica e a aquisi\u00e7\u00e3o de novos equipamentos. Em 1914, participou da Comiss\u00e3o Roosevelt-Rondon, que consistiu na travessia do rio Prata ao Amazonas, tendo realizado valiosas observa\u00e7\u00f5es paleogeogr\u00e1ficas. Em 1916, publicou artigo sobre a geologia do estado do Paran\u00e1, estudo que marcou o in\u00edcio das pesquisas mais sistem\u00e1ticas sobre petr\u00f3leo no Brasil. Ingressou na ABC em 1917. Na entidade, ocupou os cargos de tesoureiro (1926-1931), presidente (1931-1933) e vice-presidente (1933-1935). Em 1933, concluiu o Mapa Geol\u00f3gico do Brasil. O aparelhamento t\u00e9cnico que ajudou a criar para a pesquisa de petr\u00f3leo no pa\u00eds possibilitou a descoberta do combust\u00edvel em janeiro de 1939, poucos meses antes de sua morte.\u00a0<\/p>\n<\/div>\n\n\n\n<div class=\"wp-block-column is-layout-flow wp-block-column-is-layout-flow\">\n<figure class=\"wp-block-image size-full\"><img loading=\"lazy\" decoding=\"async\" width=\"542\" height=\"534\" src=\"https:\/\/exposicoes.abc.org.br\/100anos\/wp-content\/uploads\/2026\/01\/euzebio-01.png\" alt=\"\" class=\"wp-image-434\" srcset=\"https:\/\/exposicoes.abc.org.br\/100anos\/wp-content\/uploads\/2026\/01\/euzebio-01.png 542w, https:\/\/exposicoes.abc.org.br\/100anos\/wp-content\/uploads\/2026\/01\/euzebio-01-300x296.png 300w\" sizes=\"auto, (max-width: 542px) 100vw, 542px\" \/><figcaption class=\"wp-element-caption\">euz\u00e9bio de oliveira participou da comiss\u00e3o roosevelt-rondon, expedi\u00e7\u00e3o que atravessou do rio prata at\u00e9 o amazonas. na foto, tirada em manaus em 1914, da esquerda para a direita, ele \u00e9 o primeiro em p\u00e9.<\/figcaption><\/figure>\n<\/div>\n<\/div>\n\n\n\n<div style=\"height:100px\" aria-hidden=\"true\" class=\"wp-block-spacer\"><\/div>\n\n\n\n<hr class=\"wp-block-separator has-alpha-channel-opacity\"\/>\n\n\n\n<div style=\"height:100px\" aria-hidden=\"true\" class=\"wp-block-spacer\"><\/div>\n\n\n\n<h2 class=\"wp-block-heading\">Do desenvolvimento da geologia \u00e0 descoberta do petr\u00f3leo<\/h2>\n\n\n\n<p>Euz\u00e9bio Paulo de Oliveira teve papel de grande relev\u00e2ncia no desenvolvimento das ci\u00eancias geol\u00f3gicas na Am\u00e9rica do Sul. Fez contribui\u00e7\u00f5es importantes como pesquisador da estrutura do solo do Brasil, de seu passado geol\u00f3gico e de parte significativa de sua fauna e flora f\u00f3sseis, bem como professor e divulgador desses conhecimentos e membro ativo da ABC.<br>Ingressou na Academia em janeiro de 1917. Tornou-se membro da Comiss\u00e3o de Estudos das Secas, Inunda\u00e7\u00f5es, Insetos e Terremotos, institu\u00edda na entidade em novembro de 1924, ficando respons\u00e1vel pelos estudos das inunda\u00e7\u00f5es. Em 1926, foi eleito tesoureiro, cargo que exerceu at\u00e9 1931.\u00a0<br><br>Ainda em 1926, foi designado, junto a outros membros da ABC, para representar a entidade nas homenagens \u00e0 Marie Curie em sua visita ao Brasil. Em maio de 1930, foi escolhido para integrar a comiss\u00e3o da ABC cujo objetivo era apoiar a cria\u00e7\u00e3o do Instituto de Pesos e Medidas.\u00a0<br><br>Assumiu a presid\u00eancia da ABC em 5 de maio de 1931, para o bi\u00eanio de 1931-1933. Em seguida, ocupou a vice-presid\u00eancia da entidade, ficando no cargo at\u00e9 1935.<br>No campo da educa\u00e7\u00e3o e divulga\u00e7\u00e3o, ministrou curso sobre a geologia de petr\u00f3leo na Escola Polit\u00e9cnica, em 1927, e proferiu um ciclo de quatro palestras acerca de mineralogia, paleobot\u00e2nica, petrografia e paleozoologia do Brasil, na Associa\u00e7\u00e3o Brasileira de Educa\u00e7\u00e3o, em 1931. Nesse ciclo, enfatizou a relevante contribui\u00e7\u00e3o brasileira \u00e0 mineralogia sistem\u00e1tica e \u00e0 litologia (estudo da composi\u00e7\u00e3o e da estrutura das rochas), bem como apresentou a descri\u00e7\u00e3o do acervo brasileiro de plantas e animais f\u00f3sseis.<br><br>Dentre suas obras mais importantes est\u00e3o: A Geologia do Paran\u00e1, Regi\u00f5es Carbon\u00edferas dos Estados do Sul, Rochas Petrol\u00edferas do Brasil, Geologia Estratigr\u00e1fica e Econ\u00f4mica, Geognose do Solo Brasileiro, Mineral Resources of Brazil e Hist\u00f3ria da Pesquisa do Petr\u00f3leo no Brasil.<\/p>\n\n\n\n<div style=\"height:100px\" aria-hidden=\"true\" class=\"wp-block-spacer\"><\/div>\n\n\n\n<blockquote class=\"wp-block-quote is-layout-flow wp-block-quote-is-layout-flow\">\n<p>\u201cO nosso progresso econ\u00f4mico est\u00e1 em estreita depend\u00eancia com o valor dos seus homens de ci\u00eancia.\u201d\u00a0<\/p>\n<cite>Em discurso de despedida da Presid\u00eancia da ABC, 16\/05\/1933<\/cite><\/blockquote>\n","protected":false},"excerpt":{"rendered":"<p>Sobre o Presidente Nascido em Minas Gerais, em 1883, estudou engenharia de minas e civil na Escola de Minas de Ouro Preto. Ingressou como ge\u00f3logo no Servi\u00e7o Geol\u00f3gico e Mineral\u00f3gico do Brasil em 1907, ano de sua cria\u00e7\u00e3o, e trabalhou na institui\u00e7\u00e3o durante toda a vida. Como diretor do Servi\u00e7o, entre 1925 e 1933, deu&#8230;<\/p>\n","protected":false},"featured_media":431,"parent":0,"template":"","meta":{"_acf_changed":false,"footnotes":""},"periodo-de-presidencia":[33],"periodo-de-vida":[32],"tipo-de-academico":[3],"class_list":["post-430","academico","type-academico","status-publish","has-post-thumbnail","hentry","periodo-de-presidencia-1931-1933","periodo-de-vida-1883-1939","tipo-de-academico-presidentes-da-abc"],"acf":[],"yoast_head":"<!-- This site is optimized with the Yoast SEO plugin v26.8 - https:\/\/yoast.com\/product\/yoast-seo-wordpress\/ -->\n<title>Euz\u00e9bio Paulo de Oliveira | Cem Anos de Ci\u00eancia<\/title>\n<meta name=\"robots\" content=\"index, follow, max-snippet:-1, max-image-preview:large, max-video-preview:-1\" \/>\n<link rel=\"canonical\" href=\"https:\/\/exposicoes.abc.org.br\/100anos\/academico\/euzebio-paulo-de-oliveira\/\" \/>\n<meta property=\"og:locale\" content=\"pt_BR\" \/>\n<meta property=\"og:type\" content=\"article\" \/>\n<meta property=\"og:title\" content=\"Euz\u00e9bio Paulo de Oliveira | Cem Anos de Ci\u00eancia\" \/>\n<meta property=\"og:description\" content=\"Sobre o Presidente Nascido em Minas Gerais, em 1883, estudou engenharia de minas e civil na Escola de Minas de Ouro Preto. Ingressou como ge\u00f3logo no Servi\u00e7o Geol\u00f3gico e Mineral\u00f3gico do Brasil em 1907, ano de sua cria\u00e7\u00e3o, e trabalhou na institui\u00e7\u00e3o durante toda a vida. Como diretor do Servi\u00e7o, entre 1925 e 1933, deu...\" \/>\n<meta property=\"og:url\" content=\"https:\/\/exposicoes.abc.org.br\/100anos\/academico\/euzebio-paulo-de-oliveira\/\" \/>\n<meta property=\"og:site_name\" content=\"Cem Anos de Ci\u00eancia\" \/>\n<meta property=\"article:modified_time\" content=\"2026-01-15T18:06:52+00:00\" \/>\n<meta property=\"og:image\" content=\"https:\/\/exposicoes.abc.org.br\/100anos\/wp-content\/uploads\/2026\/01\/euzebio-hero.png\" \/>\n\t<meta property=\"og:image:width\" content=\"334\" \/>\n\t<meta property=\"og:image:height\" content=\"552\" \/>\n\t<meta property=\"og:image:type\" content=\"image\/png\" \/>\n<meta name=\"twitter:card\" content=\"summary_large_image\" \/>\n<meta name=\"twitter:label1\" content=\"Est. tempo de leitura\" \/>\n\t<meta name=\"twitter:data1\" content=\"3 minutos\" \/>\n<script type=\"application\/ld+json\" class=\"yoast-schema-graph\">{\"@context\":\"https:\/\/schema.org\",\"@graph\":[{\"@type\":\"WebPage\",\"@id\":\"https:\/\/exposicoes.abc.org.br\/100anos\/academico\/euzebio-paulo-de-oliveira\/\",\"url\":\"https:\/\/exposicoes.abc.org.br\/100anos\/academico\/euzebio-paulo-de-oliveira\/\",\"name\":\"Euz\u00e9bio Paulo de Oliveira | Cem Anos de Ci\u00eancia\",\"isPartOf\":{\"@id\":\"https:\/\/exposicoes.abc.org.br\/100anos\/#website\"},\"primaryImageOfPage\":{\"@id\":\"https:\/\/exposicoes.abc.org.br\/100anos\/academico\/euzebio-paulo-de-oliveira\/#primaryimage\"},\"image\":{\"@id\":\"https:\/\/exposicoes.abc.org.br\/100anos\/academico\/euzebio-paulo-de-oliveira\/#primaryimage\"},\"thumbnailUrl\":\"https:\/\/exposicoes.abc.org.br\/100anos\/wp-content\/uploads\/2026\/01\/euzebio-hero.png\",\"datePublished\":\"2026-01-15T18:04:14+00:00\",\"dateModified\":\"2026-01-15T18:06:52+00:00\",\"breadcrumb\":{\"@id\":\"https:\/\/exposicoes.abc.org.br\/100anos\/academico\/euzebio-paulo-de-oliveira\/#breadcrumb\"},\"inLanguage\":\"pt-BR\",\"potentialAction\":[{\"@type\":\"ReadAction\",\"target\":[\"https:\/\/exposicoes.abc.org.br\/100anos\/academico\/euzebio-paulo-de-oliveira\/\"]}]},{\"@type\":\"ImageObject\",\"inLanguage\":\"pt-BR\",\"@id\":\"https:\/\/exposicoes.abc.org.br\/100anos\/academico\/euzebio-paulo-de-oliveira\/#primaryimage\",\"url\":\"https:\/\/exposicoes.abc.org.br\/100anos\/wp-content\/uploads\/2026\/01\/euzebio-hero.png\",\"contentUrl\":\"https:\/\/exposicoes.abc.org.br\/100anos\/wp-content\/uploads\/2026\/01\/euzebio-hero.png\",\"width\":334,\"height\":552},{\"@type\":\"BreadcrumbList\",\"@id\":\"https:\/\/exposicoes.abc.org.br\/100anos\/academico\/euzebio-paulo-de-oliveira\/#breadcrumb\",\"itemListElement\":[{\"@type\":\"ListItem\",\"position\":1,\"name\":\"In\u00edcio\",\"item\":\"https:\/\/exposicoes.abc.org.br\/100anos\/\"},{\"@type\":\"ListItem\",\"position\":2,\"name\":\"Euz\u00e9bio Paulo de Oliveira\"}]},{\"@type\":\"WebSite\",\"@id\":\"https:\/\/exposicoes.abc.org.br\/100anos\/#website\",\"url\":\"https:\/\/exposicoes.abc.org.br\/100anos\/\",\"name\":\"Cem Anos de Ci\u00eancia\",\"description\":\"\",\"publisher\":{\"@id\":\"https:\/\/exposicoes.abc.org.br\/100anos\/#organization\"},\"potentialAction\":[{\"@type\":\"SearchAction\",\"target\":{\"@type\":\"EntryPoint\",\"urlTemplate\":\"https:\/\/exposicoes.abc.org.br\/100anos\/?s={search_term_string}\"},\"query-input\":{\"@type\":\"PropertyValueSpecification\",\"valueRequired\":true,\"valueName\":\"search_term_string\"}}],\"inLanguage\":\"pt-BR\"},{\"@type\":\"Organization\",\"@id\":\"https:\/\/exposicoes.abc.org.br\/100anos\/#organization\",\"name\":\"Academia Brasileira de Ci\u00eancias\",\"url\":\"https:\/\/exposicoes.abc.org.br\/100anos\/\",\"logo\":{\"@type\":\"ImageObject\",\"inLanguage\":\"pt-BR\",\"@id\":\"https:\/\/exposicoes.abc.org.br\/100anos\/#\/schema\/logo\/image\/\",\"url\":\"https:\/\/exposicoes.abc.org.br\/100anos\/wp-content\/uploads\/2025\/12\/logo-100-abc.png\",\"contentUrl\":\"https:\/\/exposicoes.abc.org.br\/100anos\/wp-content\/uploads\/2025\/12\/logo-100-abc.png\",\"width\":511,\"height\":116,\"caption\":\"Academia Brasileira de Ci\u00eancias\"},\"image\":{\"@id\":\"https:\/\/exposicoes.abc.org.br\/100anos\/#\/schema\/logo\/image\/\"}}]}<\/script>\n<!-- \/ Yoast SEO plugin. -->","yoast_head_json":{"title":"Euz\u00e9bio Paulo de Oliveira | Cem Anos de Ci\u00eancia","robots":{"index":"index","follow":"follow","max-snippet":"max-snippet:-1","max-image-preview":"max-image-preview:large","max-video-preview":"max-video-preview:-1"},"canonical":"https:\/\/exposicoes.abc.org.br\/100anos\/academico\/euzebio-paulo-de-oliveira\/","og_locale":"pt_BR","og_type":"article","og_title":"Euz\u00e9bio Paulo de Oliveira | Cem Anos de Ci\u00eancia","og_description":"Sobre o Presidente Nascido em Minas Gerais, em 1883, estudou engenharia de minas e civil na Escola de Minas de Ouro Preto. Ingressou como ge\u00f3logo no Servi\u00e7o Geol\u00f3gico e Mineral\u00f3gico do Brasil em 1907, ano de sua cria\u00e7\u00e3o, e trabalhou na institui\u00e7\u00e3o durante toda a vida. Como diretor do Servi\u00e7o, entre 1925 e 1933, deu...","og_url":"https:\/\/exposicoes.abc.org.br\/100anos\/academico\/euzebio-paulo-de-oliveira\/","og_site_name":"Cem Anos de Ci\u00eancia","article_modified_time":"2026-01-15T18:06:52+00:00","og_image":[{"width":334,"height":552,"url":"https:\/\/exposicoes.abc.org.br\/100anos\/wp-content\/uploads\/2026\/01\/euzebio-hero.png","type":"image\/png"}],"twitter_card":"summary_large_image","twitter_misc":{"Est. tempo de leitura":"3 minutos"},"schema":{"@context":"https:\/\/schema.org","@graph":[{"@type":"WebPage","@id":"https:\/\/exposicoes.abc.org.br\/100anos\/academico\/euzebio-paulo-de-oliveira\/","url":"https:\/\/exposicoes.abc.org.br\/100anos\/academico\/euzebio-paulo-de-oliveira\/","name":"Euz\u00e9bio Paulo de Oliveira | Cem Anos de Ci\u00eancia","isPartOf":{"@id":"https:\/\/exposicoes.abc.org.br\/100anos\/#website"},"primaryImageOfPage":{"@id":"https:\/\/exposicoes.abc.org.br\/100anos\/academico\/euzebio-paulo-de-oliveira\/#primaryimage"},"image":{"@id":"https:\/\/exposicoes.abc.org.br\/100anos\/academico\/euzebio-paulo-de-oliveira\/#primaryimage"},"thumbnailUrl":"https:\/\/exposicoes.abc.org.br\/100anos\/wp-content\/uploads\/2026\/01\/euzebio-hero.png","datePublished":"2026-01-15T18:04:14+00:00","dateModified":"2026-01-15T18:06:52+00:00","breadcrumb":{"@id":"https:\/\/exposicoes.abc.org.br\/100anos\/academico\/euzebio-paulo-de-oliveira\/#breadcrumb"},"inLanguage":"pt-BR","potentialAction":[{"@type":"ReadAction","target":["https:\/\/exposicoes.abc.org.br\/100anos\/academico\/euzebio-paulo-de-oliveira\/"]}]},{"@type":"ImageObject","inLanguage":"pt-BR","@id":"https:\/\/exposicoes.abc.org.br\/100anos\/academico\/euzebio-paulo-de-oliveira\/#primaryimage","url":"https:\/\/exposicoes.abc.org.br\/100anos\/wp-content\/uploads\/2026\/01\/euzebio-hero.png","contentUrl":"https:\/\/exposicoes.abc.org.br\/100anos\/wp-content\/uploads\/2026\/01\/euzebio-hero.png","width":334,"height":552},{"@type":"BreadcrumbList","@id":"https:\/\/exposicoes.abc.org.br\/100anos\/academico\/euzebio-paulo-de-oliveira\/#breadcrumb","itemListElement":[{"@type":"ListItem","position":1,"name":"In\u00edcio","item":"https:\/\/exposicoes.abc.org.br\/100anos\/"},{"@type":"ListItem","position":2,"name":"Euz\u00e9bio Paulo de Oliveira"}]},{"@type":"WebSite","@id":"https:\/\/exposicoes.abc.org.br\/100anos\/#website","url":"https:\/\/exposicoes.abc.org.br\/100anos\/","name":"Cem Anos de Ci\u00eancia","description":"","publisher":{"@id":"https:\/\/exposicoes.abc.org.br\/100anos\/#organization"},"potentialAction":[{"@type":"SearchAction","target":{"@type":"EntryPoint","urlTemplate":"https:\/\/exposicoes.abc.org.br\/100anos\/?s={search_term_string}"},"query-input":{"@type":"PropertyValueSpecification","valueRequired":true,"valueName":"search_term_string"}}],"inLanguage":"pt-BR"},{"@type":"Organization","@id":"https:\/\/exposicoes.abc.org.br\/100anos\/#organization","name":"Academia Brasileira de Ci\u00eancias","url":"https:\/\/exposicoes.abc.org.br\/100anos\/","logo":{"@type":"ImageObject","inLanguage":"pt-BR","@id":"https:\/\/exposicoes.abc.org.br\/100anos\/#\/schema\/logo\/image\/","url":"https:\/\/exposicoes.abc.org.br\/100anos\/wp-content\/uploads\/2025\/12\/logo-100-abc.png","contentUrl":"https:\/\/exposicoes.abc.org.br\/100anos\/wp-content\/uploads\/2025\/12\/logo-100-abc.png","width":511,"height":116,"caption":"Academia Brasileira de Ci\u00eancias"},"image":{"@id":"https:\/\/exposicoes.abc.org.br\/100anos\/#\/schema\/logo\/image\/"}}]}},"_links":{"self":[{"href":"https:\/\/exposicoes.abc.org.br\/100anos\/wp-json\/wp\/v2\/academico\/430","targetHints":{"allow":["GET"]}}],"collection":[{"href":"https:\/\/exposicoes.abc.org.br\/100anos\/wp-json\/wp\/v2\/academico"}],"about":[{"href":"https:\/\/exposicoes.abc.org.br\/100anos\/wp-json\/wp\/v2\/types\/academico"}],"version-history":[{"count":4,"href":"https:\/\/exposicoes.abc.org.br\/100anos\/wp-json\/wp\/v2\/academico\/430\/revisions"}],"predecessor-version":[{"id":436,"href":"https:\/\/exposicoes.abc.org.br\/100anos\/wp-json\/wp\/v2\/academico\/430\/revisions\/436"}],"wp:featuredmedia":[{"embeddable":true,"href":"https:\/\/exposicoes.abc.org.br\/100anos\/wp-json\/wp\/v2\/media\/431"}],"wp:attachment":[{"href":"https:\/\/exposicoes.abc.org.br\/100anos\/wp-json\/wp\/v2\/media?parent=430"}],"wp:term":[{"taxonomy":"periodo-de-presidencia","embeddable":true,"href":"https:\/\/exposicoes.abc.org.br\/100anos\/wp-json\/wp\/v2\/periodo-de-presidencia?post=430"},{"taxonomy":"periodo-de-vida","embeddable":true,"href":"https:\/\/exposicoes.abc.org.br\/100anos\/wp-json\/wp\/v2\/periodo-de-vida?post=430"},{"taxonomy":"tipo-de-academico","embeddable":true,"href":"https:\/\/exposicoes.abc.org.br\/100anos\/wp-json\/wp\/v2\/tipo-de-academico?post=430"}],"curies":[{"name":"wp","href":"https:\/\/api.w.org\/{rel}","templated":true}]}}